{"id":1316,"date":"2020-12-08T17:52:17","date_gmt":"2020-12-08T16:52:17","guid":{"rendered":"https:\/\/www.l-tour.be\/events\/ou-sont-les-lesbiennes-quels-espaces-existent-pour-ces-minorites-parmi-les-plus-fragilisees-au-sein-des-communautes-lgbtqi-cumulant-differents-types-de-discriminations-inegalites\/"},"modified":"2020-12-08T18:08:05","modified_gmt":"2020-12-08T17:08:05","slug":"ou-sont-les-lesbiennes-quels-espaces-existent-pour-ces-minorites-parmi-les-plus-fragilisees-au-sein-des-communautes-lgbtqi-cumulant-differents-types-de-discriminations-inegalites","status":"publish","type":"mec-events","link":"https:\/\/www.l-tour.be\/en\/events\/ou-sont-les-lesbiennes-quels-espaces-existent-pour-ces-minorites-parmi-les-plus-fragilisees-au-sein-des-communautes-lgbtqi-cumulant-differents-types-de-discriminations-inegalites\/","title":{"rendered":"O\u00f9 sont les lesBIennes ? Quels espaces existent pour ces minorit\u00e9s parmi les plus fragilis\u00e9es au sein des communaut\u00e9s LGBTQI+ cumulant diff\u00e9rents types de discriminations\/in\u00e9galit\u00e9s ?"},"content":{"rendered":"<p><span lang=\"FR-BE\"><strong>17:30 \u2013 18:30<\/strong> <i>O\u00f9 sont les lesBIennes ?<\/i> <i>Quels espaces existent pour ces minorit\u00e9s parmi les plus fragilis\u00e9es au sein des communaut\u00e9s LGBTQI cumulant diff\u00e9rents types de discriminations\/in\u00e9galit\u00e9s ?\u2013<\/i> Lens Marian (sociologue), A\u00efda Yancy (historienne) et Rachael Moore (RainbowHouse Brussels).<br \/>\n<\/span><\/p>\n<div>\n<p><span lang=\"EN-US\"><strong>18:30 \u2013 19:30<\/strong> D\u00e9bat<\/span><\/p>\n<p><span lang=\"EN-US\"><strong>19:30 \u2013 20:30<\/strong> Poursuite des discussions. Drinks<\/span><\/p>\n<p><em>Quels espaces existent pour les minorit\u00e9s les plus fragilis\u00e9es au sein des communaut\u00e9s LGBTQI+, par ailleurs cumulant diff\u00e9rents types de discriminations\/in\u00e9galit\u00e9s ? Dans le cadre du PrideFestival de Bruxelles, L-Tour lance son premier cycle de conf\u00e9rences sur ce th\u00e8me.<\/em><\/p>\n<p><em>Le premier cycle de 3 conf\u00e9rences explorera la th\u00e9matique des espaces lesbiens (lesBIens) par le biais de diff\u00e9rentes grilles de lecture. Pour chaque conf\u00e9rence, des intervenantes expertes sont invit\u00e9es pour parler de th\u00e9matiques sp\u00e9cifiques (voir programme ci-dessous, la langue de la conf\u00e9rence est pr\u00e9cis\u00e9e dans le programme).<\/em><\/p>\n<p><em>Ce programme initialement pr\u00e9vu en mai dans le cadre du mois de la Belgian Pride a d\u00fb \u00eatre report\u00e9 en septembre en raison du Covid-19.<\/em><\/p>\n<p><em>Un deuxi\u00e8me cycle de conf\u00e9rences est pr\u00e9vu d\u00e9but 2021 sur \u00ab\u00a0Les identit\u00e9s\u00a0\u00bb, avec l\u2019organisation d\u2019ateliers th\u00e9matiques sp\u00e9cifiques.<\/em><\/p>\n<p><em>Entr\u00e9e gratuite.<\/em><\/p>\n<hr \/>\n<p>Accessibilit\u00e9 pour les personnes \u00e0 mobilit\u00e9 r\u00e9duite. Cette ann\u00e9e, la RainbowHouse Brussels met en place un syst\u00e8me de \u201cbuddies\u201d pour les personnes qui souhaiteraient \u00eatre accompagn\u00e9es par un.e b\u00e9n\u00e9vole, plus d\u2019informations sur <a href=\"http:\/\/rainbowhouse.be\/fr\/projet\/pridefestival\/\">http:\/\/rainbowhouse.be\/fr\/projet\/pridefestival\/<\/a>.<\/p>\n<hr \/>\n<p><em>Mesures COVID19 : le port du masque est obligatoire. La capacit\u00e9 des salles risque d\u2019\u00eatre r\u00e9duite et nous vous conseillons vivement de r\u00e9server vos places \u00e0 l\u2019adresse email\u00a0: <a href=\"mailto:conferences@l-tour.be\">conferences@l-tour.be<\/a>.<\/em><\/p>\n<p><em>Les conf\u00e9rences seront enregistr\u00e9es et diffus\u00e9es ult\u00e9rieurement en ligne, et \u00e9galement traduites et disponibles dans 4 langues sur notre site web (NL, FR, EN, DE).<\/em><\/p>\n<p>&nbsp;<\/p>\n<hr \/>\n<p>&nbsp;<\/p>\n<p style=\"text-align: center;\"><img loading=\"lazy\" decoding=\"async\" class=\"alignnone wp-image-1072\" src=\"https:\/\/www.l-tour.be\/wp-content\/uploads\/2020\/08\/orga_equalbrussels-1-300x91.png\" alt=\"\" width=\"198\" height=\"60\" srcset=\"https:\/\/www.l-tour.be\/wp-content\/uploads\/2020\/08\/orga_equalbrussels-1-300x91.png 300w, https:\/\/www.l-tour.be\/wp-content\/uploads\/2020\/08\/orga_equalbrussels-1.png 389w\" sizes=\"auto, (max-width: 198px) 100vw, 198px\" \/>\u00a0 \u00a0 \u00a0 \u00a0 \u00a0\u00a0<img loading=\"lazy\" decoding=\"async\" class=\"alignnone wp-image-1069\" src=\"https:\/\/www.l-tour.be\/wp-content\/uploads\/2020\/08\/orga_ltour.png\" alt=\"\" width=\"91\" height=\"60\" \/>\u00a0 \u00a0 \u00a0 \u00a0 \u00a0\u00a0<img loading=\"lazy\" decoding=\"async\" class=\"alignnone wp-image-1066\" src=\"https:\/\/www.l-tour.be\/wp-content\/uploads\/2020\/08\/orga_pridefestival.png\" alt=\"\" width=\"101\" height=\"60\" \/><\/p>\n<hr \/>\n<p>&nbsp;<\/p>\n<\/div>\n","protected":false},"excerpt":{"rendered":"<p>17:30 \u2013 18:30 O\u00f9 sont les lesBIennes ? Quels espaces existent pour ces minorit\u00e9s parmi les plus fragilis\u00e9es au sein des communaut\u00e9s LGBTQI cumulant diff\u00e9rents types de discriminations\/in\u00e9galit\u00e9s ?\u2013 Lens Marian (sociologue), A\u00efda Yancy (historienne) et Rachael Moore (RainbowHouse Brussels). 18:30 \u2013 19:30 D\u00e9bat 19:30 \u2013 20:30 Poursuite des discussions. Drinks Quels espaces existent pour&hellip;<\/p>\n","protected":false},"author":2,"featured_media":1011,"comment_status":"closed","ping_status":"closed","template":"","tags":[],"mec_category":[95],"class_list":["post-1316","mec-events","type-mec-events","status-publish","has-post-thumbnail","hentry","mec_category-conferences-en","description-off"],"yoast_head":"<!-- This site is optimized with the Yoast SEO plugin v27.4 - https:\/\/yoast.com\/product\/yoast-seo-wordpress\/ -->\n<title>O\u00f9 sont les lesBIennes ? Quels espaces existent pour ces minorit\u00e9s parmi les plus fragilis\u00e9es au sein des communaut\u00e9s LGBTQI+ cumulant diff\u00e9rents types de discriminations\/in\u00e9galit\u00e9s ? - L-Tour<\/title>\n<meta name=\"robots\" content=\"index, follow, max-snippet:-1, max-image-preview:large, max-video-preview:-1\" \/>\n<link rel=\"canonical\" href=\"https:\/\/www.l-tour.be\/en\/events\/ou-sont-les-lesbiennes-quels-espaces-existent-pour-ces-minorites-parmi-les-plus-fragilisees-au-sein-des-communautes-lgbtqi-cumulant-differents-types-de-discriminations-inegalites\/\" \/>\n<meta property=\"og:locale\" content=\"en_US\" \/>\n<meta property=\"og:type\" content=\"article\" \/>\n<meta property=\"og:title\" content=\"O\u00f9 sont les lesBIennes ? Quels espaces existent pour ces minorit\u00e9s parmi les plus fragilis\u00e9es au sein des communaut\u00e9s LGBTQI+ cumulant diff\u00e9rents types de discriminations\/in\u00e9galit\u00e9s ? - L-Tour\" \/>\n<meta property=\"og:description\" content=\"17:30 \u2013 18:30 O\u00f9 sont les lesBIennes ? Quels espaces existent pour ces minorit\u00e9s parmi les plus fragilis\u00e9es au sein des communaut\u00e9s LGBTQI cumulant diff\u00e9rents types de discriminations\/in\u00e9galit\u00e9s ?\u2013 Lens Marian (sociologue), A\u00efda Yancy (historienne) et Rachael Moore (RainbowHouse Brussels). 18:30 \u2013 19:30 D\u00e9bat 19:30 \u2013 20:30 Poursuite des discussions. Drinks Quels espaces existent pour&hellip;\" \/>\n<meta property=\"og:url\" content=\"https:\/\/www.l-tour.be\/en\/events\/ou-sont-les-lesbiennes-quels-espaces-existent-pour-ces-minorites-parmi-les-plus-fragilisees-au-sein-des-communautes-lgbtqi-cumulant-differents-types-de-discriminations-inegalites\/\" \/>\n<meta property=\"og:site_name\" content=\"L-Tour\" \/>\n<meta property=\"article:modified_time\" content=\"2020-12-08T17:08:05+00:00\" \/>\n<meta property=\"og:image\" content=\"https:\/\/www.l-tour.be\/wp-content\/uploads\/2020\/08\/LesbianWomonPower2.jpg\" \/>\n\t<meta property=\"og:image:width\" content=\"1200\" \/>\n\t<meta property=\"og:image:height\" content=\"628\" \/>\n\t<meta property=\"og:image:type\" content=\"image\/jpeg\" \/>\n<meta name=\"twitter:card\" content=\"summary_large_image\" \/>\n<meta name=\"twitter:label1\" content=\"Est. reading time\" \/>\n\t<meta name=\"twitter:data1\" content=\"2 minutes\" \/>\n<script type=\"application\/ld+json\" class=\"yoast-schema-graph\">{\"@context\":\"https:\\\/\\\/schema.org\",\"@graph\":[{\"@type\":\"WebPage\",\"@id\":\"https:\\\/\\\/www.l-tour.be\\\/en\\\/events\\\/ou-sont-les-lesbiennes-quels-espaces-existent-pour-ces-minorites-parmi-les-plus-fragilisees-au-sein-des-communautes-lgbtqi-cumulant-differents-types-de-discriminations-inegalites\\\/\",\"url\":\"https:\\\/\\\/www.l-tour.be\\\/en\\\/events\\\/ou-sont-les-lesbiennes-quels-espaces-existent-pour-ces-minorites-parmi-les-plus-fragilisees-au-sein-des-communautes-lgbtqi-cumulant-differents-types-de-discriminations-inegalites\\\/\",\"name\":\"O\u00f9 sont les lesBIennes ? Quels espaces existent pour ces minorit\u00e9s parmi les plus fragilis\u00e9es au sein des communaut\u00e9s LGBTQI+ cumulant diff\u00e9rents types de discriminations\\\/in\u00e9galit\u00e9s ? - L-Tour\",\"isPartOf\":{\"@id\":\"https:\\\/\\\/www.l-tour.be\\\/en\\\/#website\"},\"primaryImageOfPage\":{\"@id\":\"https:\\\/\\\/www.l-tour.be\\\/en\\\/events\\\/ou-sont-les-lesbiennes-quels-espaces-existent-pour-ces-minorites-parmi-les-plus-fragilisees-au-sein-des-communautes-lgbtqi-cumulant-differents-types-de-discriminations-inegalites\\\/#primaryimage\"},\"image\":{\"@id\":\"https:\\\/\\\/www.l-tour.be\\\/en\\\/events\\\/ou-sont-les-lesbiennes-quels-espaces-existent-pour-ces-minorites-parmi-les-plus-fragilisees-au-sein-des-communautes-lgbtqi-cumulant-differents-types-de-discriminations-inegalites\\\/#primaryimage\"},\"thumbnailUrl\":\"https:\\\/\\\/www.l-tour.be\\\/wp-content\\\/uploads\\\/2020\\\/08\\\/LesbianWomonPower2.jpg\",\"datePublished\":\"2020-12-08T16:52:17+00:00\",\"dateModified\":\"2020-12-08T17:08:05+00:00\",\"breadcrumb\":{\"@id\":\"https:\\\/\\\/www.l-tour.be\\\/en\\\/events\\\/ou-sont-les-lesbiennes-quels-espaces-existent-pour-ces-minorites-parmi-les-plus-fragilisees-au-sein-des-communautes-lgbtqi-cumulant-differents-types-de-discriminations-inegalites\\\/#breadcrumb\"},\"inLanguage\":\"en-US\",\"potentialAction\":[{\"@type\":\"ReadAction\",\"target\":[\"https:\\\/\\\/www.l-tour.be\\\/en\\\/events\\\/ou-sont-les-lesbiennes-quels-espaces-existent-pour-ces-minorites-parmi-les-plus-fragilisees-au-sein-des-communautes-lgbtqi-cumulant-differents-types-de-discriminations-inegalites\\\/\"]}]},{\"@type\":\"ImageObject\",\"inLanguage\":\"en-US\",\"@id\":\"https:\\\/\\\/www.l-tour.be\\\/en\\\/events\\\/ou-sont-les-lesbiennes-quels-espaces-existent-pour-ces-minorites-parmi-les-plus-fragilisees-au-sein-des-communautes-lgbtqi-cumulant-differents-types-de-discriminations-inegalites\\\/#primaryimage\",\"url\":\"https:\\\/\\\/www.l-tour.be\\\/wp-content\\\/uploads\\\/2020\\\/08\\\/LesbianWomonPower2.jpg\",\"contentUrl\":\"https:\\\/\\\/www.l-tour.be\\\/wp-content\\\/uploads\\\/2020\\\/08\\\/LesbianWomonPower2.jpg\",\"width\":1200,\"height\":628},{\"@type\":\"BreadcrumbList\",\"@id\":\"https:\\\/\\\/www.l-tour.be\\\/en\\\/events\\\/ou-sont-les-lesbiennes-quels-espaces-existent-pour-ces-minorites-parmi-les-plus-fragilisees-au-sein-des-communautes-lgbtqi-cumulant-differents-types-de-discriminations-inegalites\\\/#breadcrumb\",\"itemListElement\":[{\"@type\":\"ListItem\",\"position\":1,\"name\":\"Home\",\"item\":\"https:\\\/\\\/www.l-tour.be\\\/en\\\/\"},{\"@type\":\"ListItem\",\"position\":2,\"name\":\"Events\",\"item\":\"https:\\\/\\\/www.l-tour.be\\\/en\\\/events\\\/\"},{\"@type\":\"ListItem\",\"position\":3,\"name\":\"O\u00f9 sont les lesBIennes ? Quels espaces existent pour ces minorit\u00e9s parmi les plus fragilis\u00e9es au sein des communaut\u00e9s LGBTQI+ cumulant diff\u00e9rents types de discriminations\\\/in\u00e9galit\u00e9s ?\"}]},{\"@type\":\"WebSite\",\"@id\":\"https:\\\/\\\/www.l-tour.be\\\/en\\\/#website\",\"url\":\"https:\\\/\\\/www.l-tour.be\\\/en\\\/\",\"name\":\"L-Tour\",\"description\":\"LGBTQI+ Guiding Tours in Brussels\",\"potentialAction\":[{\"@type\":\"SearchAction\",\"target\":{\"@type\":\"EntryPoint\",\"urlTemplate\":\"https:\\\/\\\/www.l-tour.be\\\/en\\\/?s={search_term_string}\"},\"query-input\":{\"@type\":\"PropertyValueSpecification\",\"valueRequired\":true,\"valueName\":\"search_term_string\"}}],\"inLanguage\":\"en-US\"}]}<\/script>\n<!-- \/ Yoast SEO plugin. -->","yoast_head_json":{"title":"O\u00f9 sont les lesBIennes ? Quels espaces existent pour ces minorit\u00e9s parmi les plus fragilis\u00e9es au sein des communaut\u00e9s LGBTQI+ cumulant diff\u00e9rents types de discriminations\/in\u00e9galit\u00e9s ? - L-Tour","robots":{"index":"index","follow":"follow","max-snippet":"max-snippet:-1","max-image-preview":"max-image-preview:large","max-video-preview":"max-video-preview:-1"},"canonical":"https:\/\/www.l-tour.be\/en\/events\/ou-sont-les-lesbiennes-quels-espaces-existent-pour-ces-minorites-parmi-les-plus-fragilisees-au-sein-des-communautes-lgbtqi-cumulant-differents-types-de-discriminations-inegalites\/","og_locale":"en_US","og_type":"article","og_title":"O\u00f9 sont les lesBIennes ? Quels espaces existent pour ces minorit\u00e9s parmi les plus fragilis\u00e9es au sein des communaut\u00e9s LGBTQI+ cumulant diff\u00e9rents types de discriminations\/in\u00e9galit\u00e9s ? - L-Tour","og_description":"17:30 \u2013 18:30 O\u00f9 sont les lesBIennes ? Quels espaces existent pour ces minorit\u00e9s parmi les plus fragilis\u00e9es au sein des communaut\u00e9s LGBTQI cumulant diff\u00e9rents types de discriminations\/in\u00e9galit\u00e9s ?\u2013 Lens Marian (sociologue), A\u00efda Yancy (historienne) et Rachael Moore (RainbowHouse Brussels). 18:30 \u2013 19:30 D\u00e9bat 19:30 \u2013 20:30 Poursuite des discussions. Drinks Quels espaces existent pour&hellip;","og_url":"https:\/\/www.l-tour.be\/en\/events\/ou-sont-les-lesbiennes-quels-espaces-existent-pour-ces-minorites-parmi-les-plus-fragilisees-au-sein-des-communautes-lgbtqi-cumulant-differents-types-de-discriminations-inegalites\/","og_site_name":"L-Tour","article_modified_time":"2020-12-08T17:08:05+00:00","og_image":[{"width":1200,"height":628,"url":"https:\/\/www.l-tour.be\/wp-content\/uploads\/2020\/08\/LesbianWomonPower2.jpg","type":"image\/jpeg"}],"twitter_card":"summary_large_image","twitter_misc":{"Est. reading time":"2 minutes"},"schema":{"@context":"https:\/\/schema.org","@graph":[{"@type":"WebPage","@id":"https:\/\/www.l-tour.be\/en\/events\/ou-sont-les-lesbiennes-quels-espaces-existent-pour-ces-minorites-parmi-les-plus-fragilisees-au-sein-des-communautes-lgbtqi-cumulant-differents-types-de-discriminations-inegalites\/","url":"https:\/\/www.l-tour.be\/en\/events\/ou-sont-les-lesbiennes-quels-espaces-existent-pour-ces-minorites-parmi-les-plus-fragilisees-au-sein-des-communautes-lgbtqi-cumulant-differents-types-de-discriminations-inegalites\/","name":"O\u00f9 sont les lesBIennes ? Quels espaces existent pour ces minorit\u00e9s parmi les plus fragilis\u00e9es au sein des communaut\u00e9s LGBTQI+ cumulant diff\u00e9rents types de discriminations\/in\u00e9galit\u00e9s ? - L-Tour","isPartOf":{"@id":"https:\/\/www.l-tour.be\/en\/#website"},"primaryImageOfPage":{"@id":"https:\/\/www.l-tour.be\/en\/events\/ou-sont-les-lesbiennes-quels-espaces-existent-pour-ces-minorites-parmi-les-plus-fragilisees-au-sein-des-communautes-lgbtqi-cumulant-differents-types-de-discriminations-inegalites\/#primaryimage"},"image":{"@id":"https:\/\/www.l-tour.be\/en\/events\/ou-sont-les-lesbiennes-quels-espaces-existent-pour-ces-minorites-parmi-les-plus-fragilisees-au-sein-des-communautes-lgbtqi-cumulant-differents-types-de-discriminations-inegalites\/#primaryimage"},"thumbnailUrl":"https:\/\/www.l-tour.be\/wp-content\/uploads\/2020\/08\/LesbianWomonPower2.jpg","datePublished":"2020-12-08T16:52:17+00:00","dateModified":"2020-12-08T17:08:05+00:00","breadcrumb":{"@id":"https:\/\/www.l-tour.be\/en\/events\/ou-sont-les-lesbiennes-quels-espaces-existent-pour-ces-minorites-parmi-les-plus-fragilisees-au-sein-des-communautes-lgbtqi-cumulant-differents-types-de-discriminations-inegalites\/#breadcrumb"},"inLanguage":"en-US","potentialAction":[{"@type":"ReadAction","target":["https:\/\/www.l-tour.be\/en\/events\/ou-sont-les-lesbiennes-quels-espaces-existent-pour-ces-minorites-parmi-les-plus-fragilisees-au-sein-des-communautes-lgbtqi-cumulant-differents-types-de-discriminations-inegalites\/"]}]},{"@type":"ImageObject","inLanguage":"en-US","@id":"https:\/\/www.l-tour.be\/en\/events\/ou-sont-les-lesbiennes-quels-espaces-existent-pour-ces-minorites-parmi-les-plus-fragilisees-au-sein-des-communautes-lgbtqi-cumulant-differents-types-de-discriminations-inegalites\/#primaryimage","url":"https:\/\/www.l-tour.be\/wp-content\/uploads\/2020\/08\/LesbianWomonPower2.jpg","contentUrl":"https:\/\/www.l-tour.be\/wp-content\/uploads\/2020\/08\/LesbianWomonPower2.jpg","width":1200,"height":628},{"@type":"BreadcrumbList","@id":"https:\/\/www.l-tour.be\/en\/events\/ou-sont-les-lesbiennes-quels-espaces-existent-pour-ces-minorites-parmi-les-plus-fragilisees-au-sein-des-communautes-lgbtqi-cumulant-differents-types-de-discriminations-inegalites\/#breadcrumb","itemListElement":[{"@type":"ListItem","position":1,"name":"Home","item":"https:\/\/www.l-tour.be\/en\/"},{"@type":"ListItem","position":2,"name":"Events","item":"https:\/\/www.l-tour.be\/en\/events\/"},{"@type":"ListItem","position":3,"name":"O\u00f9 sont les lesBIennes ? Quels espaces existent pour ces minorit\u00e9s parmi les plus fragilis\u00e9es au sein des communaut\u00e9s LGBTQI+ cumulant diff\u00e9rents types de discriminations\/in\u00e9galit\u00e9s ?"}]},{"@type":"WebSite","@id":"https:\/\/www.l-tour.be\/en\/#website","url":"https:\/\/www.l-tour.be\/en\/","name":"L-Tour","description":"LGBTQI+ Guiding Tours in Brussels","potentialAction":[{"@type":"SearchAction","target":{"@type":"EntryPoint","urlTemplate":"https:\/\/www.l-tour.be\/en\/?s={search_term_string}"},"query-input":{"@type":"PropertyValueSpecification","valueRequired":true,"valueName":"search_term_string"}}],"inLanguage":"en-US"}]}},"_links":{"self":[{"href":"https:\/\/www.l-tour.be\/en\/wp-json\/wp\/v2\/mec-events\/1316","targetHints":{"allow":["GET"]}}],"collection":[{"href":"https:\/\/www.l-tour.be\/en\/wp-json\/wp\/v2\/mec-events"}],"about":[{"href":"https:\/\/www.l-tour.be\/en\/wp-json\/wp\/v2\/types\/mec-events"}],"author":[{"embeddable":true,"href":"https:\/\/www.l-tour.be\/en\/wp-json\/wp\/v2\/users\/2"}],"replies":[{"embeddable":true,"href":"https:\/\/www.l-tour.be\/en\/wp-json\/wp\/v2\/comments?post=1316"}],"wp:featuredmedia":[{"embeddable":true,"href":"https:\/\/www.l-tour.be\/en\/wp-json\/wp\/v2\/media\/1011"}],"wp:attachment":[{"href":"https:\/\/www.l-tour.be\/en\/wp-json\/wp\/v2\/media?parent=1316"}],"wp:term":[{"taxonomy":"post_tag","embeddable":true,"href":"https:\/\/www.l-tour.be\/en\/wp-json\/wp\/v2\/tags?post=1316"},{"taxonomy":"mec_category","embeddable":true,"href":"https:\/\/www.l-tour.be\/en\/wp-json\/wp\/v2\/mec_category?post=1316"}],"curies":[{"name":"wp","href":"https:\/\/api.w.org\/{rel}","templated":true}]}}