{"id":1168,"date":"2020-11-27T14:33:35","date_gmt":"2020-11-27T13:33:35","guid":{"rendered":"https:\/\/www.l-tour.be\/agenda\/"},"modified":"2022-05-13T13:01:00","modified_gmt":"2022-05-13T11:01:00","slug":"agenda","status":"publish","type":"page","link":"https:\/\/www.l-tour.be\/en\/agenda\/","title":{"rendered":"Agenda"},"content":{"rendered":"<div class=\"wpb-content-wrapper\"><p>[vc_row][vc_column]<div class=\"mec-wrap mec-skin-list-container  \" id=\"mec_skin_311\">\r\n\r\n    \r\n            <div class=\"mec-skin-list-events-container\" id=\"mec_skin_events_311\">\r\n        <div class=\"mec-wrap colorskin-custom\">\r\n\t<div class=\"mec-event-list-classic\">\r\n\t\t\r\n                        <div class=\"mec-month-divider\" data-toggle-divider=\"mec-toggle-202605-311\"><h5 style=\"display: inline;\">May 2026<\/h5><i class=\"mec-sl-arrow-down\"><\/i><\/div>\r\n            \r\n                        <article class=\"mec-event-article  mec-clear  mec-divider-toggle mec-toggle-202605-311\" itemscope>\r\n                                                        <div class=\"mec-event-image\"><a class=\"mec-color-hover\" data-event-id=\"2136\" href=\"https:\/\/www.l-tour.be\/en\/events\/rainbow-tours-of-brussels-given-by-l-tour-18\/\" target=\"_self\" rel=\"noopener\"><img loading=\"lazy\" decoding=\"async\" width=\"150\" height=\"150\" src=\"https:\/\/www.l-tour.be\/wp-content\/uploads\/2022\/05\/ParcRoyalWhatsApp-Image-2022-05-13-at-11.14.32-150x150.jpeg\" class=\"attachment-thumbnail size-thumbnail wp-post-image\" alt=\"\" data-mec-postid=\"2136\" \/><\/a><\/div>\r\n                                            <div class=\"mec-event-date mec-color\"><i class=\"mec-sl-calendar\"><\/i> May 08 2026<\/div>\r\n                                                                                <h4 class=\"mec-event-title\"><a class=\"mec-color-hover\" data-event-id=\"2136\" href=\"https:\/\/www.l-tour.be\/en\/events\/rainbow-tours-of-brussels-given-by-l-tour-18\/\" target=\"_self\" rel=\"noopener\">Rainbow tours of Brussels given by L-tour<\/a><span class=\"event-color\" style=\"background: #00a0d2\"><\/span><\/h4>\r\n                    <div class=\"mec-event-detail\"><div class=\"mec-event-loc-place\"><i class=\"mec-sl-map-marker\"><\/i> RainbowHouse of Brussels<\/div><\/div>                    <div class=\"mec-categories-wrapper\"><i class=\"mec-sl-folder\"><\/i><ul class=\"mec-categories\"><li class=\"mec-category\"><a class=\"mec-color-hover\" href=\"https:\/\/www.l-tour.be\/en\/mec-category\/guided-tours\/\" target=\"_blank\">Guided tours<\/a><\/li><\/ul><\/div>                                                                                                            <\/article>\r\n            \t\t\r\n            \r\n                        <article class=\"mec-event-article  mec-clear  mec-divider-toggle mec-toggle-202605-311\" itemscope>\r\n                                                        <div class=\"mec-event-image\"><a class=\"mec-color-hover\" data-event-id=\"2139\" href=\"https:\/\/www.l-tour.be\/en\/events\/rainbow-tours-of-brussels-given-by-l-tour-19\/\" target=\"_self\" rel=\"noopener\"><img loading=\"lazy\" decoding=\"async\" width=\"150\" height=\"150\" src=\"https:\/\/www.l-tour.be\/wp-content\/uploads\/2022\/05\/ParcRoyalWhatsApp-Image-2022-05-13-at-11.14.32-150x150.jpeg\" class=\"attachment-thumbnail size-thumbnail wp-post-image\" alt=\"\" data-mec-postid=\"2139\" \/><\/a><\/div>\r\n                                            <div class=\"mec-event-date mec-color\"><i class=\"mec-sl-calendar\"><\/i> May 09 2026<\/div>\r\n                                                                                <h4 class=\"mec-event-title\"><a class=\"mec-color-hover\" data-event-id=\"2139\" href=\"https:\/\/www.l-tour.be\/en\/events\/rainbow-tours-of-brussels-given-by-l-tour-19\/\" target=\"_self\" rel=\"noopener\">Rainbow tours of Brussels given by L-tour<\/a><span class=\"event-color\" style=\"background: #00a0d2\"><\/span><\/h4>\r\n                    <div class=\"mec-event-detail\"><div class=\"mec-event-loc-place\"><i class=\"mec-sl-map-marker\"><\/i> RainbowHouse of Brussels<\/div><\/div>                    <div class=\"mec-categories-wrapper\"><i class=\"mec-sl-folder\"><\/i><ul class=\"mec-categories\"><li class=\"mec-category\"><a class=\"mec-color-hover\" href=\"https:\/\/www.l-tour.be\/en\/mec-category\/guided-tours\/\" target=\"_blank\">Guided tours<\/a><\/li><\/ul><\/div>                                                                                                            <\/article>\r\n            \t\t\r\n            \r\n                        <article class=\"mec-event-article  mec-clear  mec-divider-toggle mec-toggle-202605-311\" itemscope>\r\n                                                        <div class=\"mec-event-image\"><a class=\"mec-color-hover\" data-event-id=\"2151\" href=\"https:\/\/www.l-tour.be\/en\/events\/rainbow-tours-of-brussels-given-by-l-tour-20\/\" target=\"_self\" rel=\"noopener\"><img loading=\"lazy\" decoding=\"async\" width=\"150\" height=\"150\" src=\"https:\/\/www.l-tour.be\/wp-content\/uploads\/2022\/05\/ParcRoyalWhatsApp-Image-2022-05-13-at-11.14.32-150x150.jpeg\" class=\"attachment-thumbnail size-thumbnail wp-post-image\" alt=\"\" data-mec-postid=\"2151\" \/><\/a><\/div>\r\n                                            <div class=\"mec-event-date mec-color\"><i class=\"mec-sl-calendar\"><\/i> May 12 2026<\/div>\r\n                                                                                <h4 class=\"mec-event-title\"><a class=\"mec-color-hover\" data-event-id=\"2151\" href=\"https:\/\/www.l-tour.be\/en\/events\/rainbow-tours-of-brussels-given-by-l-tour-20\/\" target=\"_self\" rel=\"noopener\">Rainbow tours of Brussels given by L-tour<\/a><span class=\"event-color\" style=\"background: #00a0d2\"><\/span><\/h4>\r\n                    <div class=\"mec-event-detail\"><div class=\"mec-event-loc-place\"><i class=\"mec-sl-map-marker\"><\/i> RainbowHouse of Brussels<\/div><\/div>                    <div class=\"mec-categories-wrapper\"><i class=\"mec-sl-folder\"><\/i><ul class=\"mec-categories\"><li class=\"mec-category\"><a class=\"mec-color-hover\" href=\"https:\/\/www.l-tour.be\/en\/mec-category\/guided-tours\/\" target=\"_blank\">Guided tours<\/a><\/li><\/ul><\/div>                                                                                                            <\/article>\r\n            \t\t\r\n            \r\n                        <article class=\"mec-event-article  mec-clear  mec-divider-toggle mec-toggle-202605-311\" itemscope>\r\n                                                        <div class=\"mec-event-image\"><a class=\"mec-color-hover\" data-event-id=\"2070\" href=\"https:\/\/www.l-tour.be\/en\/events\/bib-artemys\/\" target=\"_self\" rel=\"noopener\"><img loading=\"lazy\" decoding=\"async\" width=\"150\" height=\"150\" src=\"https:\/\/www.l-tour.be\/wp-content\/uploads\/2026\/04\/AfficheBiBStGillesCorrigee-150x150.png\" class=\"attachment-thumbnail size-thumbnail wp-post-image\" alt=\"\" data-mec-postid=\"2070\" \/><\/a><\/div>\r\n                                            <div class=\"mec-event-date mec-color\"><i class=\"mec-sl-calendar\"><\/i> May 13 2026<\/div>\r\n                                                                                <h4 class=\"mec-event-title\"><a class=\"mec-color-hover\" data-event-id=\"2070\" href=\"https:\/\/www.l-tour.be\/en\/events\/bib-artemys\/\" target=\"_self\" rel=\"noopener\">BiB Artemys<\/a><\/h4>\r\n                    <div class=\"mec-event-detail\"><div class=\"mec-event-loc-place\"><i class=\"mec-sl-map-marker\"><\/i> Bibliotheek van Sint-Gillis<\/div><\/div>                    <div class=\"mec-categories-wrapper\"><i class=\"mec-sl-folder\"><\/i><ul class=\"mec-categories\"><li class=\"mec-category\"><a class=\"mec-color-hover\" href=\"https:\/\/www.l-tour.be\/en\/mec-category\/events-en\/\" target=\"_blank\">Events<\/a><\/li><\/ul><\/div>                                                                                                            <\/article>\r\n            \t\t\r\n            \r\n                        <article class=\"mec-event-article  mec-clear  mec-divider-toggle mec-toggle-202605-311\" itemscope>\r\n                                                        <div class=\"mec-event-image\"><a class=\"mec-color-hover\" data-event-id=\"2152\" href=\"https:\/\/www.l-tour.be\/en\/events\/rainbow-tours-of-brussels-given-by-l-tour-21\/\" target=\"_self\" rel=\"noopener\"><img loading=\"lazy\" decoding=\"async\" width=\"150\" height=\"150\" src=\"https:\/\/www.l-tour.be\/wp-content\/uploads\/2022\/05\/ParcRoyalWhatsApp-Image-2022-05-13-at-11.14.32-150x150.jpeg\" class=\"attachment-thumbnail size-thumbnail wp-post-image\" alt=\"\" data-mec-postid=\"2152\" \/><\/a><\/div>\r\n                                            <div class=\"mec-event-date mec-color\"><i class=\"mec-sl-calendar\"><\/i> May 14 2026<\/div>\r\n                                                                                <h4 class=\"mec-event-title\"><a class=\"mec-color-hover\" data-event-id=\"2152\" href=\"https:\/\/www.l-tour.be\/en\/events\/rainbow-tours-of-brussels-given-by-l-tour-21\/\" target=\"_self\" rel=\"noopener\">Rainbow tours of Brussels given by L-tour<\/a><span class=\"event-color\" style=\"background: #00a0d2\"><\/span><\/h4>\r\n                    <div class=\"mec-event-detail\"><div class=\"mec-event-loc-place\"><i class=\"mec-sl-map-marker\"><\/i> RainbowHouse of Brussels<\/div><\/div>                    <div class=\"mec-categories-wrapper\"><i class=\"mec-sl-folder\"><\/i><ul class=\"mec-categories\"><li class=\"mec-category\"><a class=\"mec-color-hover\" href=\"https:\/\/www.l-tour.be\/en\/mec-category\/guided-tours\/\" target=\"_blank\">Guided tours<\/a><\/li><\/ul><\/div>                                                                                                            <\/article>\r\n            \t\t\r\n            \r\n                        <article class=\"mec-event-article  mec-clear  mec-divider-toggle mec-toggle-202605-311\" itemscope>\r\n                                                        <div class=\"mec-event-image\"><a class=\"mec-color-hover\" data-event-id=\"2153\" href=\"https:\/\/www.l-tour.be\/en\/events\/rainbow-tours-of-brussels-given-by-l-tour-22\/\" target=\"_self\" rel=\"noopener\"><img loading=\"lazy\" decoding=\"async\" width=\"150\" height=\"150\" src=\"https:\/\/www.l-tour.be\/wp-content\/uploads\/2022\/05\/ParcRoyalWhatsApp-Image-2022-05-13-at-11.14.32-150x150.jpeg\" class=\"attachment-thumbnail size-thumbnail wp-post-image\" alt=\"\" data-mec-postid=\"2153\" \/><\/a><\/div>\r\n                                            <div class=\"mec-event-date mec-color\"><i class=\"mec-sl-calendar\"><\/i> May 15 2026<\/div>\r\n                                                                                <h4 class=\"mec-event-title\"><a class=\"mec-color-hover\" data-event-id=\"2153\" href=\"https:\/\/www.l-tour.be\/en\/events\/rainbow-tours-of-brussels-given-by-l-tour-22\/\" target=\"_self\" rel=\"noopener\">Rainbow tours of Brussels given by L-tour<\/a><span class=\"event-color\" style=\"background: #00a0d2\"><\/span><\/h4>\r\n                    <div class=\"mec-event-detail\"><div class=\"mec-event-loc-place\"><i class=\"mec-sl-map-marker\"><\/i> RainbowHouse of Brussels<\/div><\/div>                    <div class=\"mec-categories-wrapper\"><i class=\"mec-sl-folder\"><\/i><ul class=\"mec-categories\"><li class=\"mec-category\"><a class=\"mec-color-hover\" href=\"https:\/\/www.l-tour.be\/en\/mec-category\/guided-tours\/\" target=\"_blank\">Guided tours<\/a><\/li><\/ul><\/div>                                                                                                            <\/article>\r\n            \t\t\r\n            \r\n                        <article class=\"mec-event-article  mec-clear  mec-divider-toggle mec-toggle-202605-311\" itemscope>\r\n                                                        <div class=\"mec-event-image\"><a class=\"mec-color-hover\" data-event-id=\"2154\" href=\"https:\/\/www.l-tour.be\/en\/events\/rainbow-tours-of-brussels-given-by-l-tour-23\/\" target=\"_self\" rel=\"noopener\"><img loading=\"lazy\" decoding=\"async\" width=\"150\" height=\"150\" src=\"https:\/\/www.l-tour.be\/wp-content\/uploads\/2022\/05\/ParcRoyalWhatsApp-Image-2022-05-13-at-11.14.32-150x150.jpeg\" class=\"attachment-thumbnail size-thumbnail wp-post-image\" alt=\"\" data-mec-postid=\"2154\" \/><\/a><\/div>\r\n                                            <div class=\"mec-event-date mec-color\"><i class=\"mec-sl-calendar\"><\/i> May 16 2026<\/div>\r\n                                                                                <h4 class=\"mec-event-title\"><a class=\"mec-color-hover\" data-event-id=\"2154\" href=\"https:\/\/www.l-tour.be\/en\/events\/rainbow-tours-of-brussels-given-by-l-tour-23\/\" target=\"_self\" rel=\"noopener\">Rainbow tours of Brussels given by L-tour<\/a><span class=\"event-color\" style=\"background: #00a0d2\"><\/span><\/h4>\r\n                    <div class=\"mec-event-detail\"><div class=\"mec-event-loc-place\"><i class=\"mec-sl-map-marker\"><\/i> RainbowHouse of Brussels<\/div><\/div>                    <div class=\"mec-categories-wrapper\"><i class=\"mec-sl-folder\"><\/i><ul class=\"mec-categories\"><li class=\"mec-category\"><a class=\"mec-color-hover\" href=\"https:\/\/www.l-tour.be\/en\/mec-category\/guided-tours\/\" target=\"_blank\">Guided tours<\/a><\/li><\/ul><\/div>                                                                                                            <\/article>\r\n            \t\t\r\n            \r\n                        <article class=\"mec-event-article  mec-clear  mec-divider-toggle mec-toggle-202605-311\" itemscope>\r\n                                                        <div class=\"mec-event-image\"><a class=\"mec-color-hover\" data-event-id=\"2076\" href=\"https:\/\/www.l-tour.be\/en\/events\/guided-tour-door-sint-gillis\/\" target=\"_self\" rel=\"noopener\"><img loading=\"lazy\" decoding=\"async\" width=\"150\" height=\"150\" src=\"https:\/\/www.l-tour.be\/wp-content\/uploads\/2026\/04\/AfficheParcourStGilles-150x150.png\" class=\"attachment-thumbnail size-thumbnail wp-post-image\" alt=\"\" data-mec-postid=\"2076\" \/><\/a><\/div>\r\n                                            <div class=\"mec-event-date mec-color\"><i class=\"mec-sl-calendar\"><\/i> May 23 2026<\/div>\r\n                                                                                <h4 class=\"mec-event-title\"><a class=\"mec-color-hover\" data-event-id=\"2076\" href=\"https:\/\/www.l-tour.be\/en\/events\/guided-tour-door-sint-gillis\/\" target=\"_self\" rel=\"noopener\">Guided Tour in Sint-Gillis (NL)<\/a><\/h4>\r\n                    <div class=\"mec-event-detail\"><div class=\"mec-event-loc-place\"><i class=\"mec-sl-map-marker\"><\/i> Bibliotheek van Sint-Gillis<\/div><\/div>                    <div class=\"mec-categories-wrapper\"><i class=\"mec-sl-folder\"><\/i><ul class=\"mec-categories\"><li class=\"mec-category\"><a class=\"mec-color-hover\" href=\"https:\/\/www.l-tour.be\/en\/mec-category\/guided-tours\/\" target=\"_blank\">Guided tours<\/a><\/li><\/ul><\/div>                                                                                                            <\/article>\r\n            \t\t\r\n                        <div class=\"mec-month-divider\" data-toggle-divider=\"mec-toggle-202606-311\"><h5 style=\"display: inline;\">June 2026<\/h5><i class=\"mec-sl-arrow-down\"><\/i><\/div>\r\n            \r\n                        <article class=\"mec-event-article  mec-clear  mec-divider-toggle mec-toggle-202606-311\" itemscope>\r\n                                                        <div class=\"mec-event-image\"><a class=\"mec-color-hover\" data-event-id=\"2105\" href=\"https:\/\/www.l-tour.be\/en\/events\/guided-tour-in-sint-gillis-fr\/\" target=\"_self\" rel=\"noopener\"><img loading=\"lazy\" decoding=\"async\" width=\"150\" height=\"150\" src=\"https:\/\/www.l-tour.be\/wp-content\/uploads\/2026\/04\/AfficheParcourStGilles-150x150.png\" class=\"attachment-thumbnail size-thumbnail wp-post-image\" alt=\"\" data-mec-postid=\"2105\" \/><\/a><\/div>\r\n                                            <div class=\"mec-event-date mec-color\"><i class=\"mec-sl-calendar\"><\/i> Jun 06 2026<\/div>\r\n                                                                                <h4 class=\"mec-event-title\"><a class=\"mec-color-hover\" data-event-id=\"2105\" href=\"https:\/\/www.l-tour.be\/en\/events\/guided-tour-in-sint-gillis-fr\/\" target=\"_self\" rel=\"noopener\">Guided Tour in Sint-Gillis (FR)<\/a><\/h4>\r\n                    <div class=\"mec-event-detail\"><div class=\"mec-event-loc-place\"><i class=\"mec-sl-map-marker\"><\/i> Bibliotheek van Sint-Gillis<\/div><\/div>                    <div class=\"mec-categories-wrapper\"><i class=\"mec-sl-folder\"><\/i><ul class=\"mec-categories\"><li class=\"mec-category\"><a class=\"mec-color-hover\" href=\"https:\/\/www.l-tour.be\/en\/mec-category\/guided-tours\/\" target=\"_blank\">Guided tours<\/a><\/li><\/ul><\/div>                                                                                                            <\/article>\r\n            \t\t\r\n            \r\n                        <article class=\"mec-event-article  mec-clear  mec-divider-toggle mec-toggle-202606-311\" itemscope>\r\n                                                        <div class=\"mec-event-image\"><a class=\"mec-color-hover\" data-event-id=\"2107\" href=\"https:\/\/www.l-tour.be\/en\/events\/guided-tour-in-sint-gillis-en\/\" target=\"_self\" rel=\"noopener\"><img loading=\"lazy\" decoding=\"async\" width=\"150\" height=\"150\" src=\"https:\/\/www.l-tour.be\/wp-content\/uploads\/2026\/04\/AfficheParcourStGilles-150x150.png\" class=\"attachment-thumbnail size-thumbnail wp-post-image\" alt=\"\" data-mec-postid=\"2107\" \/><\/a><\/div>\r\n                                            <div class=\"mec-event-date mec-color\"><i class=\"mec-sl-calendar\"><\/i> Jun 20 2026<\/div>\r\n                                                                                <h4 class=\"mec-event-title\"><a class=\"mec-color-hover\" data-event-id=\"2107\" href=\"https:\/\/www.l-tour.be\/en\/events\/guided-tour-in-sint-gillis-en\/\" target=\"_self\" rel=\"noopener\">Guided Tour in Sint-Gillis (EN)<\/a><\/h4>\r\n                    <div class=\"mec-event-detail\"><div class=\"mec-event-loc-place\"><i class=\"mec-sl-map-marker\"><\/i> Bibliotheek van Sint-Gillis<\/div><\/div>                    <div class=\"mec-categories-wrapper\"><i class=\"mec-sl-folder\"><\/i><ul class=\"mec-categories\"><li class=\"mec-category\"><a class=\"mec-color-hover\" href=\"https:\/\/www.l-tour.be\/en\/mec-category\/guided-tours\/\" target=\"_blank\">Guided tours<\/a><\/li><\/ul><\/div>                                                                                                            <\/article>\r\n            \t\t\t<\/div>\r\n<\/div>\r\n\r\n    <\/div>\r\n    <div class=\"mec-skin-list-no-events-container mec-util-hidden\" id=\"mec_skin_no_events_311\">\r\n        No event found!    <\/div>\r\n    \r\n    \r\n<\/div>\r\n<div class=\"ult-spacer spacer-69f239a3bf360\" data-id=\"69f239a3bf360\" data-height=\"50\" data-height-mobile=\"20\" data-height-tab=\"35\" data-height-tab-portrait=\"35\" data-height-mobile-landscape=\"20\" style=\"clear:both;display:block;\"><\/div>[vc_btn title=&#8221;See our previous activities&#8221; style=&#8221;custom&#8221; custom_background=&#8221;#af81b7&#8243; custom_text=&#8221;#ffffff&#8221; align=&#8221;center&#8221; link=&#8221;url:https%3A%2F%2Fwww.l-tour.be%2Fen%2Farchives%2F|title:Archives&#8221;][\/vc_column][\/vc_row][vc_row gap=&#8221;35&#8243; disable_element=&#8221;yes&#8221;][vc_column width=&#8221;1\/3&#8243; css=&#8221;.vc_custom_1614188429474{padding-right: 20px !important;padding-left: 20px !important;background-color: #f9f9f9 !important;}&#8221;]\n<div tabindex=\"0\" id=\"interactive-banner-1-wrap-7567\" class=\"ult-banner-block ult-adjust-bottom-margin ult-bb-none  banner-style11 \"   style=\"\">\n\t<img decoding=\"async\" src=\"https:\/\/www.l-tour.be\/wp-content\/uploads\/2020\/08\/LesbianWomonPower.jpg\" alt=\"null\">\n\t<h2  data-ultimate-target='#interactive-banner-1-wrap-7567 .bb-top-title '  data-responsive-json-new='{\"font-size\":\"\",\"line-height\":\"\"}'  class=\"title-left bb-top-title ult-responsive\" style=\"font-weight:normal;background:#242424;color:#ffffff;\">What About Lesbian Spaces?<\/h2>\n\t<div class=\"mask opaque-background\" style=\"background:rgba(175,129,183,0.55);\">\n\t\t<div  data-ultimate-target='#interactive-banner-1-wrap-7567 .bb-description'  data-responsive-json-new='{\"font-size\":\"\",\"line-height\":\"\"}'  class=\"bb-description ult-responsive\" style=\"font-weight:normal;color:#ffffff;\">On 16, 20 and 23 September 2020.<\/div>\n\t<\/div>\n<\/div>[vc_column_text]<\/p>\n<h3>What About Lesbian Spaces?<br \/>\nLes 16, 20 et 23 septembre 2020.<\/h3>\n<p>[\/vc_column_text][vc_column_text]Quels espaces existent pour les minorit\u00e9s les plus fragilis\u00e9es au sein des communaut\u00e9s LGBTQI+, par ailleurs cumulant diff\u00e9rents types de discriminations\/in\u00e9galit\u00e9s ? Dans le cadre du PrideFestival de Bruxelles, L-Tour lance son premier cycle de conf\u00e9rences sur ce th\u00e8me.<\/p>\n<p>Le premier cycle de 3 conf\u00e9rences explorera la th\u00e9matique des espaces lesbiens (lesBIens) par le biais de diff\u00e9rentes grilles de lecture. Pour chaque conf\u00e9rence, des intervenantes expertes sont invit\u00e9es pour parler de th\u00e9matiques sp\u00e9cifiques (voir programme ci-dessous, la langue de la conf\u00e9rence est pr\u00e9cis\u00e9e dans le programme).<\/p>\n<p>Ce programme initialement pr\u00e9vu en mai dans le cadre du mois de la Belgian Pride a d\u00fb \u00eatre report\u00e9 en septembre en raison du Covid-19.<\/p>\n<p>Un deuxi\u00e8me cycle de conf\u00e9rences est pr\u00e9vu d\u00e9but 2021 sur \u00ab\u00a0Les identit\u00e9s\u00a0\u00bb, avec l\u2019organisation d\u2019ateliers th\u00e9matiques sp\u00e9cifiques.<\/p>\n<p>[\/vc_column_text][vc_column_text css=&#8221;.vc_custom_1597935065747{background-color: #ffffff !important;}&#8221;]<\/p>\n<p style=\"text-align: center;\"><img loading=\"lazy\" decoding=\"async\" class=\"alignnone wp-image-1072\" src=\"https:\/\/www.l-tour.be\/wp-content\/uploads\/2020\/08\/orga_equalbrussels-1-300x91.png\" alt=\"\" width=\"198\" height=\"60\" srcset=\"https:\/\/www.l-tour.be\/wp-content\/uploads\/2020\/08\/orga_equalbrussels-1-300x91.png 300w, https:\/\/www.l-tour.be\/wp-content\/uploads\/2020\/08\/orga_equalbrussels-1.png 389w\" sizes=\"auto, (max-width: 198px) 100vw, 198px\" \/><\/p>\n<p style=\"text-align: center;\"><img loading=\"lazy\" decoding=\"async\" class=\"alignnone wp-image-1069\" src=\"https:\/\/www.l-tour.be\/wp-content\/uploads\/2020\/08\/orga_ltour.png\" alt=\"\" width=\"91\" height=\"60\" \/><\/p>\n<p style=\"text-align: center;\"><img loading=\"lazy\" decoding=\"async\" class=\"alignnone wp-image-1066\" src=\"https:\/\/www.l-tour.be\/wp-content\/uploads\/2020\/08\/orga_pridefestival.png\" alt=\"\" width=\"101\" height=\"60\" \/><\/p>\n<p>[\/vc_column_text][\/vc_column][vc_column width=&#8221;2\/3&#8243;][\/vc_column][\/vc_row]<\/p>\n<\/div>","protected":false},"excerpt":{"rendered":"<p>[vc_row][vc_column][vc_btn title=&#8221;See our previous activities&#8221; style=&#8221;custom&#8221; custom_background=&#8221;#af81b7&#8243; custom_text=&#8221;#ffffff&#8221; align=&#8221;center&#8221; link=&#8221;url:https%3A%2F%2Fwww.l-tour.be%2Fen%2Farchives%2F|title:Archives&#8221;][\/vc_column][\/vc_row][vc_row gap=&#8221;35&#8243; disable_element=&#8221;yes&#8221;][vc_column width=&#8221;1\/3&#8243; css=&#8221;.vc_custom_1614188429474{padding-right: 20px !important;padding-left: 20px !important;background-color: #f9f9f9 !important;}&#8221;][vc_column_text] What About Lesbian Spaces? Les 16, 20 et 23 septembre 2020. [\/vc_column_text][vc_column_text]Quels espaces existent pour les minorit\u00e9s les plus fragilis\u00e9es au sein des communaut\u00e9s LGBTQI+, par ailleurs cumulant diff\u00e9rents types de discriminations\/in\u00e9galit\u00e9s ? Dans le&hellip;<\/p>\n","protected":false},"author":1,"featured_media":0,"parent":0,"menu_order":0,"comment_status":"closed","ping_status":"closed","template":"","meta":{"footnotes":""},"class_list":["post-1168","page","type-page","status-publish","hentry","description-off"],"yoast_head":"<!-- This site is optimized with the Yoast SEO plugin v27.4 - https:\/\/yoast.com\/product\/yoast-seo-wordpress\/ -->\n<title>Agenda - L-Tour<\/title>\n<meta name=\"robots\" content=\"index, follow, max-snippet:-1, max-image-preview:large, max-video-preview:-1\" \/>\n<link rel=\"canonical\" href=\"https:\/\/www.l-tour.be\/en\/agenda\/\" \/>\n<meta property=\"og:locale\" content=\"en_US\" \/>\n<meta property=\"og:type\" content=\"article\" \/>\n<meta property=\"og:title\" content=\"Agenda - L-Tour\" \/>\n<meta property=\"og:description\" content=\"[vc_row][vc_column][vc_btn title=&#8221;See our previous activities&#8221; style=&#8221;custom&#8221; custom_background=&#8221;#af81b7&#8243; custom_text=&#8221;#ffffff&#8221; align=&#8221;center&#8221; link=&#8221;url:https%3A%2F%2Fwww.l-tour.be%2Fen%2Farchives%2F|title:Archives&#8221;][\/vc_column][\/vc_row][vc_row gap=&#8221;35&#8243; disable_element=&#8221;yes&#8221;][vc_column width=&#8221;1\/3&#8243; css=&#8221;.vc_custom_1614188429474{padding-right: 20px !important;padding-left: 20px !important;background-color: #f9f9f9 !important;}&#8221;][vc_column_text] What About Lesbian Spaces? Les 16, 20 et 23 septembre 2020. [\/vc_column_text][vc_column_text]Quels espaces existent pour les minorit\u00e9s les plus fragilis\u00e9es au sein des communaut\u00e9s LGBTQI+, par ailleurs cumulant diff\u00e9rents types de discriminations\/in\u00e9galit\u00e9s ? Dans le&hellip;\" \/>\n<meta property=\"og:url\" content=\"https:\/\/www.l-tour.be\/en\/agenda\/\" \/>\n<meta property=\"og:site_name\" content=\"L-Tour\" \/>\n<meta property=\"article:modified_time\" content=\"2022-05-13T11:01:00+00:00\" \/>\n<meta property=\"og:image\" content=\"https:\/\/www.l-tour.be\/wp-content\/uploads\/2020\/08\/orga_equalbrussels-1-300x91.png\" \/>\n<meta name=\"twitter:card\" content=\"summary_large_image\" \/>\n<meta name=\"twitter:label1\" content=\"Est. reading time\" \/>\n\t<meta name=\"twitter:data1\" content=\"2 minutes\" \/>\n<script type=\"application\/ld+json\" class=\"yoast-schema-graph\">{\"@context\":\"https:\\\/\\\/schema.org\",\"@graph\":[{\"@type\":\"WebPage\",\"@id\":\"https:\\\/\\\/www.l-tour.be\\\/en\\\/agenda\\\/\",\"url\":\"https:\\\/\\\/www.l-tour.be\\\/en\\\/agenda\\\/\",\"name\":\"Agenda - L-Tour\",\"isPartOf\":{\"@id\":\"https:\\\/\\\/www.l-tour.be\\\/en\\\/#website\"},\"primaryImageOfPage\":{\"@id\":\"https:\\\/\\\/www.l-tour.be\\\/en\\\/agenda\\\/#primaryimage\"},\"image\":{\"@id\":\"https:\\\/\\\/www.l-tour.be\\\/en\\\/agenda\\\/#primaryimage\"},\"thumbnailUrl\":\"https:\\\/\\\/www.l-tour.be\\\/wp-content\\\/uploads\\\/2020\\\/08\\\/orga_equalbrussels-1-300x91.png\",\"datePublished\":\"2020-11-27T13:33:35+00:00\",\"dateModified\":\"2022-05-13T11:01:00+00:00\",\"breadcrumb\":{\"@id\":\"https:\\\/\\\/www.l-tour.be\\\/en\\\/agenda\\\/#breadcrumb\"},\"inLanguage\":\"en-US\",\"potentialAction\":[{\"@type\":\"ReadAction\",\"target\":[\"https:\\\/\\\/www.l-tour.be\\\/en\\\/agenda\\\/\"]}]},{\"@type\":\"ImageObject\",\"inLanguage\":\"en-US\",\"@id\":\"https:\\\/\\\/www.l-tour.be\\\/en\\\/agenda\\\/#primaryimage\",\"url\":\"https:\\\/\\\/www.l-tour.be\\\/wp-content\\\/uploads\\\/2020\\\/08\\\/orga_equalbrussels-1-300x91.png\",\"contentUrl\":\"https:\\\/\\\/www.l-tour.be\\\/wp-content\\\/uploads\\\/2020\\\/08\\\/orga_equalbrussels-1-300x91.png\"},{\"@type\":\"BreadcrumbList\",\"@id\":\"https:\\\/\\\/www.l-tour.be\\\/en\\\/agenda\\\/#breadcrumb\",\"itemListElement\":[{\"@type\":\"ListItem\",\"position\":1,\"name\":\"Home\",\"item\":\"https:\\\/\\\/www.l-tour.be\\\/en\\\/\"},{\"@type\":\"ListItem\",\"position\":2,\"name\":\"Agenda\"}]},{\"@type\":\"WebSite\",\"@id\":\"https:\\\/\\\/www.l-tour.be\\\/en\\\/#website\",\"url\":\"https:\\\/\\\/www.l-tour.be\\\/en\\\/\",\"name\":\"L-Tour\",\"description\":\"LGBTQI+ Guiding Tours in Brussels\",\"potentialAction\":[{\"@type\":\"SearchAction\",\"target\":{\"@type\":\"EntryPoint\",\"urlTemplate\":\"https:\\\/\\\/www.l-tour.be\\\/en\\\/?s={search_term_string}\"},\"query-input\":{\"@type\":\"PropertyValueSpecification\",\"valueRequired\":true,\"valueName\":\"search_term_string\"}}],\"inLanguage\":\"en-US\"}]}<\/script>\n<!-- \/ Yoast SEO plugin. -->","yoast_head_json":{"title":"Agenda - L-Tour","robots":{"index":"index","follow":"follow","max-snippet":"max-snippet:-1","max-image-preview":"max-image-preview:large","max-video-preview":"max-video-preview:-1"},"canonical":"https:\/\/www.l-tour.be\/en\/agenda\/","og_locale":"en_US","og_type":"article","og_title":"Agenda - L-Tour","og_description":"[vc_row][vc_column][vc_btn title=&#8221;See our previous activities&#8221; style=&#8221;custom&#8221; custom_background=&#8221;#af81b7&#8243; custom_text=&#8221;#ffffff&#8221; align=&#8221;center&#8221; link=&#8221;url:https%3A%2F%2Fwww.l-tour.be%2Fen%2Farchives%2F|title:Archives&#8221;][\/vc_column][\/vc_row][vc_row gap=&#8221;35&#8243; disable_element=&#8221;yes&#8221;][vc_column width=&#8221;1\/3&#8243; css=&#8221;.vc_custom_1614188429474{padding-right: 20px !important;padding-left: 20px !important;background-color: #f9f9f9 !important;}&#8221;][vc_column_text] What About Lesbian Spaces? Les 16, 20 et 23 septembre 2020. [\/vc_column_text][vc_column_text]Quels espaces existent pour les minorit\u00e9s les plus fragilis\u00e9es au sein des communaut\u00e9s LGBTQI+, par ailleurs cumulant diff\u00e9rents types de discriminations\/in\u00e9galit\u00e9s ? Dans le&hellip;","og_url":"https:\/\/www.l-tour.be\/en\/agenda\/","og_site_name":"L-Tour","article_modified_time":"2022-05-13T11:01:00+00:00","og_image":[{"url":"https:\/\/www.l-tour.be\/wp-content\/uploads\/2020\/08\/orga_equalbrussels-1-300x91.png","type":"","width":"","height":""}],"twitter_card":"summary_large_image","twitter_misc":{"Est. reading time":"2 minutes"},"schema":{"@context":"https:\/\/schema.org","@graph":[{"@type":"WebPage","@id":"https:\/\/www.l-tour.be\/en\/agenda\/","url":"https:\/\/www.l-tour.be\/en\/agenda\/","name":"Agenda - L-Tour","isPartOf":{"@id":"https:\/\/www.l-tour.be\/en\/#website"},"primaryImageOfPage":{"@id":"https:\/\/www.l-tour.be\/en\/agenda\/#primaryimage"},"image":{"@id":"https:\/\/www.l-tour.be\/en\/agenda\/#primaryimage"},"thumbnailUrl":"https:\/\/www.l-tour.be\/wp-content\/uploads\/2020\/08\/orga_equalbrussels-1-300x91.png","datePublished":"2020-11-27T13:33:35+00:00","dateModified":"2022-05-13T11:01:00+00:00","breadcrumb":{"@id":"https:\/\/www.l-tour.be\/en\/agenda\/#breadcrumb"},"inLanguage":"en-US","potentialAction":[{"@type":"ReadAction","target":["https:\/\/www.l-tour.be\/en\/agenda\/"]}]},{"@type":"ImageObject","inLanguage":"en-US","@id":"https:\/\/www.l-tour.be\/en\/agenda\/#primaryimage","url":"https:\/\/www.l-tour.be\/wp-content\/uploads\/2020\/08\/orga_equalbrussels-1-300x91.png","contentUrl":"https:\/\/www.l-tour.be\/wp-content\/uploads\/2020\/08\/orga_equalbrussels-1-300x91.png"},{"@type":"BreadcrumbList","@id":"https:\/\/www.l-tour.be\/en\/agenda\/#breadcrumb","itemListElement":[{"@type":"ListItem","position":1,"name":"Home","item":"https:\/\/www.l-tour.be\/en\/"},{"@type":"ListItem","position":2,"name":"Agenda"}]},{"@type":"WebSite","@id":"https:\/\/www.l-tour.be\/en\/#website","url":"https:\/\/www.l-tour.be\/en\/","name":"L-Tour","description":"LGBTQI+ Guiding Tours in Brussels","potentialAction":[{"@type":"SearchAction","target":{"@type":"EntryPoint","urlTemplate":"https:\/\/www.l-tour.be\/en\/?s={search_term_string}"},"query-input":{"@type":"PropertyValueSpecification","valueRequired":true,"valueName":"search_term_string"}}],"inLanguage":"en-US"}]}},"_links":{"self":[{"href":"https:\/\/www.l-tour.be\/en\/wp-json\/wp\/v2\/pages\/1168","targetHints":{"allow":["GET"]}}],"collection":[{"href":"https:\/\/www.l-tour.be\/en\/wp-json\/wp\/v2\/pages"}],"about":[{"href":"https:\/\/www.l-tour.be\/en\/wp-json\/wp\/v2\/types\/page"}],"author":[{"embeddable":true,"href":"https:\/\/www.l-tour.be\/en\/wp-json\/wp\/v2\/users\/1"}],"replies":[{"embeddable":true,"href":"https:\/\/www.l-tour.be\/en\/wp-json\/wp\/v2\/comments?post=1168"}],"version-history":[{"count":17,"href":"https:\/\/www.l-tour.be\/en\/wp-json\/wp\/v2\/pages\/1168\/revisions"}],"predecessor-version":[{"id":1737,"href":"https:\/\/www.l-tour.be\/en\/wp-json\/wp\/v2\/pages\/1168\/revisions\/1737"}],"wp:attachment":[{"href":"https:\/\/www.l-tour.be\/en\/wp-json\/wp\/v2\/media?parent=1168"}],"curies":[{"name":"wp","href":"https:\/\/api.w.org\/{rel}","templated":true}]}}