{"id":1014,"date":"2020-08-19T15:52:51","date_gmt":"2020-08-19T13:52:51","guid":{"rendered":"https:\/\/www.l-tour.be\/events\/ou-sont-les-lesbiennes-quels-espaces-existent-pour-ces-minorites-parmi-les-plus-fragilisees-au-sein-des-communautes-lgbtqi-cumulant-differents-types-de-discriminations-inegalites\/"},"modified":"2020-12-08T18:06:29","modified_gmt":"2020-12-08T17:06:29","slug":"ou-sont-les-lesbiennes-quels-espaces-existent-pour-ces-minorites-parmi-les-plus-fragilisees-au-sein-des-communautes-lgbtqi-cumulant-differents-types-de-discriminations-inegalites","status":"publish","type":"mec-events","link":"https:\/\/www.l-tour.be\/nl\/events\/ou-sont-les-lesbiennes-quels-espaces-existent-pour-ces-minorites-parmi-les-plus-fragilisees-au-sein-des-communautes-lgbtqi-cumulant-differents-types-de-discriminations-inegalites\/","title":{"rendered":"O\u00f9 sont les lesBIennes ? Quels espaces existent pour ces minorit\u00e9s parmi les plus fragilis\u00e9es au sein des communaut\u00e9s LGBTQI+ cumulant diff\u00e9rents types de discriminations\/in\u00e9galit\u00e9s ?"},"content":{"rendered":"<p><span lang=\"FR-BE\"><strong>17:30 \u2013 18:30<\/strong> <i>O\u00f9 sont les lesBIennes ?<\/i> <i>Quels espaces existent pour ces minorit\u00e9s parmi les plus fragilis\u00e9es au sein des communaut\u00e9s LGBTQI cumulant diff\u00e9rents types de discriminations\/in\u00e9galit\u00e9s ?\u2013<\/i> Lens Marian (sociologue), A\u00efda Yancy (historienne) et Rachael Moore (RainbowHouse Brussels).<br \/>\n<\/span><\/p>\n<div>\n<p><span lang=\"EN-US\"><strong>18:30 \u2013 19:30<\/strong> D\u00e9bat<\/span><\/p>\n<p><span lang=\"EN-US\"><strong>19:30 \u2013 20:30<\/strong> Poursuite des discussions. Drinks<\/span><\/p>\n<p><em>Wat is de plaats van kwetsbare minoriteiten uit de LGBTQI+ gemeenschappen in de maatschappij, in het bijzonder wanner zij met andere discriminatie en ongelijkheden geconfronteerd worden\u00a0? In het kader van het PrideFestival van Brussel lanceert L-Tour haar eerste cyclus conferenties rond dit thema.<\/em><\/p>\n<p><em>Deze cyclus van 3 conferenties zal het thema van lesbische \/ lesBI ruimtes verkennen via verschillende lezingen. Op elke conferentie zal een experte spreken over specifieke thema&#8217;s (zie programma hieronder), telkens in een andere taal (NL, FR, EN).<\/em><\/p>\n<p><em>Dit programma was oorspronkelijk voorzien in het kader van de Belgian Pride in mei. Door Covid-19 zijn we verplicht geweest het te verplaatsen naar september.<\/em><\/p>\n<p><em>Een tweede cyclus conferenties over \u00ab\u00a0Identiteiten\u00a0\u00bb is voorzien begin 2021, ondersteund door specifieke werkgroepen.<\/em><\/p>\n<p><em>Prijs: gratis.<\/em><\/p>\n<p>Om de bereikbaarheid voor personen met een beperkte mobiliteit te vergemakkelijken wordt door het PrideFestival een systeem van \u201cbuddies\u201d voorzien voor wie graag begeleiding wenst door een vrijwilliger. Meer info op\u00a0<a href=\"https:\/\/l.facebook.com\/l.php?u=http%3A%2F%2Frainbowhouse.be%2Fnl%2Fprojet%2Fpride-festival%2F%3Ffbclid%3DIwAR0Qc-XI_30pVEMDn2-T-Je7HM0lEkzThNP-jSsezcp1by0GVjNti7Tc214&amp;h=AT2lo6xD68dKp44E1aJG9m8KQTjTr2iozOKO03-o5pa8FFqHIcqv8HvRUtDhFVJMykJvdecO60A3NkOFKmHuTjh1epkcLBAQE6rS7X6ka1Xx7JoLK0I7ZRFWzX6zXQQnuw\">http:\/\/rainbowhouse.be\/nl\/projet\/pride-festival\/<\/a><\/p>\n<hr \/>\n<p><em>COVID19 maatregelen: het dragen van een mondmasker is verplicht. De zaal zal mogelijk niet volledig kunnen gebruikt worden. Daardoor is het inschrijven fel aangeraden\u00a0: conferences@l-tour.be.<\/em><\/p>\n<p><em>De conferenties worden opgenomen en later online verspreid. Ze zullen ook in 4 talen op onze website beschikbaar zijn (NL, FR, EN, DE).<\/em><\/p>\n<hr \/>\n<p>&nbsp;<\/p>\n<p style=\"text-align: center;\"><img loading=\"lazy\" decoding=\"async\" class=\"alignnone wp-image-1072\" src=\"https:\/\/www.l-tour.be\/wp-content\/uploads\/2020\/08\/orga_equalbrussels-1-300x91.png\" alt=\"\" width=\"198\" height=\"60\" srcset=\"https:\/\/www.l-tour.be\/wp-content\/uploads\/2020\/08\/orga_equalbrussels-1-300x91.png 300w, https:\/\/www.l-tour.be\/wp-content\/uploads\/2020\/08\/orga_equalbrussels-1.png 389w\" sizes=\"auto, (max-width: 198px) 100vw, 198px\" \/>\u00a0 \u00a0 \u00a0 \u00a0 \u00a0\u00a0<img loading=\"lazy\" decoding=\"async\" class=\"alignnone wp-image-1069\" src=\"https:\/\/www.l-tour.be\/wp-content\/uploads\/2020\/08\/orga_ltour.png\" alt=\"\" width=\"91\" height=\"60\" \/>\u00a0 \u00a0 \u00a0 \u00a0 \u00a0\u00a0<img loading=\"lazy\" decoding=\"async\" class=\"alignnone wp-image-1066\" src=\"https:\/\/www.l-tour.be\/wp-content\/uploads\/2020\/08\/orga_pridefestival.png\" alt=\"\" width=\"101\" height=\"60\" \/><\/p>\n<hr \/>\n<p>&nbsp;<\/p>\n<\/div>\n","protected":false},"excerpt":{"rendered":"<p>17:30 \u2013 18:30 O\u00f9 sont les lesBIennes ? Quels espaces existent pour ces minorit\u00e9s parmi les plus fragilis\u00e9es au sein des communaut\u00e9s LGBTQI cumulant diff\u00e9rents types de discriminations\/in\u00e9galit\u00e9s ?\u2013 Lens Marian (sociologue), A\u00efda Yancy (historienne) et Rachael Moore (RainbowHouse Brussels). 18:30 \u2013 19:30 D\u00e9bat 19:30 \u2013 20:30 Poursuite des discussions. Drinks Wat is de plaats&hellip;<\/p>\n","protected":false},"author":2,"featured_media":1010,"comment_status":"closed","ping_status":"closed","template":"","tags":[],"mec_category":[61],"class_list":["post-1014","mec-events","type-mec-events","status-publish","has-post-thumbnail","hentry","mec_category-conferenties","description-off"],"yoast_head":"<!-- This site is optimized with the Yoast SEO plugin v27.4 - https:\/\/yoast.com\/product\/yoast-seo-wordpress\/ -->\n<title>O\u00f9 sont les lesBIennes ? Quels espaces existent pour ces minorit\u00e9s parmi les plus fragilis\u00e9es au sein des communaut\u00e9s LGBTQI+ cumulant diff\u00e9rents types de discriminations\/in\u00e9galit\u00e9s ? - L-Tour<\/title>\n<meta name=\"robots\" content=\"index, follow, max-snippet:-1, max-image-preview:large, max-video-preview:-1\" \/>\n<link rel=\"canonical\" href=\"https:\/\/www.l-tour.be\/nl\/events\/ou-sont-les-lesbiennes-quels-espaces-existent-pour-ces-minorites-parmi-les-plus-fragilisees-au-sein-des-communautes-lgbtqi-cumulant-differents-types-de-discriminations-inegalites\/\" \/>\n<meta property=\"og:locale\" content=\"nl_NL\" \/>\n<meta property=\"og:type\" content=\"article\" \/>\n<meta property=\"og:title\" content=\"O\u00f9 sont les lesBIennes ? Quels espaces existent pour ces minorit\u00e9s parmi les plus fragilis\u00e9es au sein des communaut\u00e9s LGBTQI+ cumulant diff\u00e9rents types de discriminations\/in\u00e9galit\u00e9s ? - L-Tour\" \/>\n<meta property=\"og:description\" content=\"17:30 \u2013 18:30 O\u00f9 sont les lesBIennes ? Quels espaces existent pour ces minorit\u00e9s parmi les plus fragilis\u00e9es au sein des communaut\u00e9s LGBTQI cumulant diff\u00e9rents types de discriminations\/in\u00e9galit\u00e9s ?\u2013 Lens Marian (sociologue), A\u00efda Yancy (historienne) et Rachael Moore (RainbowHouse Brussels). 18:30 \u2013 19:30 D\u00e9bat 19:30 \u2013 20:30 Poursuite des discussions. Drinks Wat is de plaats&hellip;\" \/>\n<meta property=\"og:url\" content=\"https:\/\/www.l-tour.be\/nl\/events\/ou-sont-les-lesbiennes-quels-espaces-existent-pour-ces-minorites-parmi-les-plus-fragilisees-au-sein-des-communautes-lgbtqi-cumulant-differents-types-de-discriminations-inegalites\/\" \/>\n<meta property=\"og:site_name\" content=\"L-Tour\" \/>\n<meta property=\"article:modified_time\" content=\"2020-12-08T17:06:29+00:00\" \/>\n<meta property=\"og:image\" content=\"https:\/\/www.l-tour.be\/wp-content\/uploads\/2020\/08\/LesbianWomonPower2.jpg\" \/>\n\t<meta property=\"og:image:width\" content=\"1200\" \/>\n\t<meta property=\"og:image:height\" content=\"628\" \/>\n\t<meta property=\"og:image:type\" content=\"image\/jpeg\" \/>\n<meta name=\"twitter:card\" content=\"summary_large_image\" \/>\n<meta name=\"twitter:label1\" content=\"Geschatte leestijd\" \/>\n\t<meta name=\"twitter:data1\" content=\"1 minuut\" \/>\n<script type=\"application\/ld+json\" class=\"yoast-schema-graph\">{\"@context\":\"https:\\\/\\\/schema.org\",\"@graph\":[{\"@type\":\"WebPage\",\"@id\":\"https:\\\/\\\/www.l-tour.be\\\/nl\\\/events\\\/ou-sont-les-lesbiennes-quels-espaces-existent-pour-ces-minorites-parmi-les-plus-fragilisees-au-sein-des-communautes-lgbtqi-cumulant-differents-types-de-discriminations-inegalites\\\/\",\"url\":\"https:\\\/\\\/www.l-tour.be\\\/nl\\\/events\\\/ou-sont-les-lesbiennes-quels-espaces-existent-pour-ces-minorites-parmi-les-plus-fragilisees-au-sein-des-communautes-lgbtqi-cumulant-differents-types-de-discriminations-inegalites\\\/\",\"name\":\"O\u00f9 sont les lesBIennes ? Quels espaces existent pour ces minorit\u00e9s parmi les plus fragilis\u00e9es au sein des communaut\u00e9s LGBTQI+ cumulant diff\u00e9rents types de discriminations\\\/in\u00e9galit\u00e9s ? - L-Tour\",\"isPartOf\":{\"@id\":\"https:\\\/\\\/www.l-tour.be\\\/nl\\\/#website\"},\"primaryImageOfPage\":{\"@id\":\"https:\\\/\\\/www.l-tour.be\\\/nl\\\/events\\\/ou-sont-les-lesbiennes-quels-espaces-existent-pour-ces-minorites-parmi-les-plus-fragilisees-au-sein-des-communautes-lgbtqi-cumulant-differents-types-de-discriminations-inegalites\\\/#primaryimage\"},\"image\":{\"@id\":\"https:\\\/\\\/www.l-tour.be\\\/nl\\\/events\\\/ou-sont-les-lesbiennes-quels-espaces-existent-pour-ces-minorites-parmi-les-plus-fragilisees-au-sein-des-communautes-lgbtqi-cumulant-differents-types-de-discriminations-inegalites\\\/#primaryimage\"},\"thumbnailUrl\":\"https:\\\/\\\/www.l-tour.be\\\/wp-content\\\/uploads\\\/2020\\\/08\\\/LesbianWomonPower2.jpg\",\"datePublished\":\"2020-08-19T13:52:51+00:00\",\"dateModified\":\"2020-12-08T17:06:29+00:00\",\"breadcrumb\":{\"@id\":\"https:\\\/\\\/www.l-tour.be\\\/nl\\\/events\\\/ou-sont-les-lesbiennes-quels-espaces-existent-pour-ces-minorites-parmi-les-plus-fragilisees-au-sein-des-communautes-lgbtqi-cumulant-differents-types-de-discriminations-inegalites\\\/#breadcrumb\"},\"inLanguage\":\"nl-NL\",\"potentialAction\":[{\"@type\":\"ReadAction\",\"target\":[\"https:\\\/\\\/www.l-tour.be\\\/nl\\\/events\\\/ou-sont-les-lesbiennes-quels-espaces-existent-pour-ces-minorites-parmi-les-plus-fragilisees-au-sein-des-communautes-lgbtqi-cumulant-differents-types-de-discriminations-inegalites\\\/\"]}]},{\"@type\":\"ImageObject\",\"inLanguage\":\"nl-NL\",\"@id\":\"https:\\\/\\\/www.l-tour.be\\\/nl\\\/events\\\/ou-sont-les-lesbiennes-quels-espaces-existent-pour-ces-minorites-parmi-les-plus-fragilisees-au-sein-des-communautes-lgbtqi-cumulant-differents-types-de-discriminations-inegalites\\\/#primaryimage\",\"url\":\"https:\\\/\\\/www.l-tour.be\\\/wp-content\\\/uploads\\\/2020\\\/08\\\/LesbianWomonPower2.jpg\",\"contentUrl\":\"https:\\\/\\\/www.l-tour.be\\\/wp-content\\\/uploads\\\/2020\\\/08\\\/LesbianWomonPower2.jpg\",\"width\":1200,\"height\":628},{\"@type\":\"BreadcrumbList\",\"@id\":\"https:\\\/\\\/www.l-tour.be\\\/nl\\\/events\\\/ou-sont-les-lesbiennes-quels-espaces-existent-pour-ces-minorites-parmi-les-plus-fragilisees-au-sein-des-communautes-lgbtqi-cumulant-differents-types-de-discriminations-inegalites\\\/#breadcrumb\",\"itemListElement\":[{\"@type\":\"ListItem\",\"position\":1,\"name\":\"Home\",\"item\":\"https:\\\/\\\/www.l-tour.be\\\/nl\\\/\"},{\"@type\":\"ListItem\",\"position\":2,\"name\":\"Evenementen\",\"item\":\"https:\\\/\\\/www.l-tour.be\\\/nl\\\/events\\\/\"},{\"@type\":\"ListItem\",\"position\":3,\"name\":\"O\u00f9 sont les lesBIennes ? Quels espaces existent pour ces minorit\u00e9s parmi les plus fragilis\u00e9es au sein des communaut\u00e9s LGBTQI+ cumulant diff\u00e9rents types de discriminations\\\/in\u00e9galit\u00e9s ?\"}]},{\"@type\":\"WebSite\",\"@id\":\"https:\\\/\\\/www.l-tour.be\\\/nl\\\/#website\",\"url\":\"https:\\\/\\\/www.l-tour.be\\\/nl\\\/\",\"name\":\"L-Tour\",\"description\":\"LGBTQI+ Guiding Tours in Brussels\",\"potentialAction\":[{\"@type\":\"SearchAction\",\"target\":{\"@type\":\"EntryPoint\",\"urlTemplate\":\"https:\\\/\\\/www.l-tour.be\\\/nl\\\/?s={search_term_string}\"},\"query-input\":{\"@type\":\"PropertyValueSpecification\",\"valueRequired\":true,\"valueName\":\"search_term_string\"}}],\"inLanguage\":\"nl-NL\"}]}<\/script>\n<!-- \/ Yoast SEO plugin. -->","yoast_head_json":{"title":"O\u00f9 sont les lesBIennes ? Quels espaces existent pour ces minorit\u00e9s parmi les plus fragilis\u00e9es au sein des communaut\u00e9s LGBTQI+ cumulant diff\u00e9rents types de discriminations\/in\u00e9galit\u00e9s ? - L-Tour","robots":{"index":"index","follow":"follow","max-snippet":"max-snippet:-1","max-image-preview":"max-image-preview:large","max-video-preview":"max-video-preview:-1"},"canonical":"https:\/\/www.l-tour.be\/nl\/events\/ou-sont-les-lesbiennes-quels-espaces-existent-pour-ces-minorites-parmi-les-plus-fragilisees-au-sein-des-communautes-lgbtqi-cumulant-differents-types-de-discriminations-inegalites\/","og_locale":"nl_NL","og_type":"article","og_title":"O\u00f9 sont les lesBIennes ? Quels espaces existent pour ces minorit\u00e9s parmi les plus fragilis\u00e9es au sein des communaut\u00e9s LGBTQI+ cumulant diff\u00e9rents types de discriminations\/in\u00e9galit\u00e9s ? - L-Tour","og_description":"17:30 \u2013 18:30 O\u00f9 sont les lesBIennes ? Quels espaces existent pour ces minorit\u00e9s parmi les plus fragilis\u00e9es au sein des communaut\u00e9s LGBTQI cumulant diff\u00e9rents types de discriminations\/in\u00e9galit\u00e9s ?\u2013 Lens Marian (sociologue), A\u00efda Yancy (historienne) et Rachael Moore (RainbowHouse Brussels). 18:30 \u2013 19:30 D\u00e9bat 19:30 \u2013 20:30 Poursuite des discussions. Drinks Wat is de plaats&hellip;","og_url":"https:\/\/www.l-tour.be\/nl\/events\/ou-sont-les-lesbiennes-quels-espaces-existent-pour-ces-minorites-parmi-les-plus-fragilisees-au-sein-des-communautes-lgbtqi-cumulant-differents-types-de-discriminations-inegalites\/","og_site_name":"L-Tour","article_modified_time":"2020-12-08T17:06:29+00:00","og_image":[{"width":1200,"height":628,"url":"https:\/\/www.l-tour.be\/wp-content\/uploads\/2020\/08\/LesbianWomonPower2.jpg","type":"image\/jpeg"}],"twitter_card":"summary_large_image","twitter_misc":{"Geschatte leestijd":"1 minuut"},"schema":{"@context":"https:\/\/schema.org","@graph":[{"@type":"WebPage","@id":"https:\/\/www.l-tour.be\/nl\/events\/ou-sont-les-lesbiennes-quels-espaces-existent-pour-ces-minorites-parmi-les-plus-fragilisees-au-sein-des-communautes-lgbtqi-cumulant-differents-types-de-discriminations-inegalites\/","url":"https:\/\/www.l-tour.be\/nl\/events\/ou-sont-les-lesbiennes-quels-espaces-existent-pour-ces-minorites-parmi-les-plus-fragilisees-au-sein-des-communautes-lgbtqi-cumulant-differents-types-de-discriminations-inegalites\/","name":"O\u00f9 sont les lesBIennes ? Quels espaces existent pour ces minorit\u00e9s parmi les plus fragilis\u00e9es au sein des communaut\u00e9s LGBTQI+ cumulant diff\u00e9rents types de discriminations\/in\u00e9galit\u00e9s ? - L-Tour","isPartOf":{"@id":"https:\/\/www.l-tour.be\/nl\/#website"},"primaryImageOfPage":{"@id":"https:\/\/www.l-tour.be\/nl\/events\/ou-sont-les-lesbiennes-quels-espaces-existent-pour-ces-minorites-parmi-les-plus-fragilisees-au-sein-des-communautes-lgbtqi-cumulant-differents-types-de-discriminations-inegalites\/#primaryimage"},"image":{"@id":"https:\/\/www.l-tour.be\/nl\/events\/ou-sont-les-lesbiennes-quels-espaces-existent-pour-ces-minorites-parmi-les-plus-fragilisees-au-sein-des-communautes-lgbtqi-cumulant-differents-types-de-discriminations-inegalites\/#primaryimage"},"thumbnailUrl":"https:\/\/www.l-tour.be\/wp-content\/uploads\/2020\/08\/LesbianWomonPower2.jpg","datePublished":"2020-08-19T13:52:51+00:00","dateModified":"2020-12-08T17:06:29+00:00","breadcrumb":{"@id":"https:\/\/www.l-tour.be\/nl\/events\/ou-sont-les-lesbiennes-quels-espaces-existent-pour-ces-minorites-parmi-les-plus-fragilisees-au-sein-des-communautes-lgbtqi-cumulant-differents-types-de-discriminations-inegalites\/#breadcrumb"},"inLanguage":"nl-NL","potentialAction":[{"@type":"ReadAction","target":["https:\/\/www.l-tour.be\/nl\/events\/ou-sont-les-lesbiennes-quels-espaces-existent-pour-ces-minorites-parmi-les-plus-fragilisees-au-sein-des-communautes-lgbtqi-cumulant-differents-types-de-discriminations-inegalites\/"]}]},{"@type":"ImageObject","inLanguage":"nl-NL","@id":"https:\/\/www.l-tour.be\/nl\/events\/ou-sont-les-lesbiennes-quels-espaces-existent-pour-ces-minorites-parmi-les-plus-fragilisees-au-sein-des-communautes-lgbtqi-cumulant-differents-types-de-discriminations-inegalites\/#primaryimage","url":"https:\/\/www.l-tour.be\/wp-content\/uploads\/2020\/08\/LesbianWomonPower2.jpg","contentUrl":"https:\/\/www.l-tour.be\/wp-content\/uploads\/2020\/08\/LesbianWomonPower2.jpg","width":1200,"height":628},{"@type":"BreadcrumbList","@id":"https:\/\/www.l-tour.be\/nl\/events\/ou-sont-les-lesbiennes-quels-espaces-existent-pour-ces-minorites-parmi-les-plus-fragilisees-au-sein-des-communautes-lgbtqi-cumulant-differents-types-de-discriminations-inegalites\/#breadcrumb","itemListElement":[{"@type":"ListItem","position":1,"name":"Home","item":"https:\/\/www.l-tour.be\/nl\/"},{"@type":"ListItem","position":2,"name":"Evenementen","item":"https:\/\/www.l-tour.be\/nl\/events\/"},{"@type":"ListItem","position":3,"name":"O\u00f9 sont les lesBIennes ? Quels espaces existent pour ces minorit\u00e9s parmi les plus fragilis\u00e9es au sein des communaut\u00e9s LGBTQI+ cumulant diff\u00e9rents types de discriminations\/in\u00e9galit\u00e9s ?"}]},{"@type":"WebSite","@id":"https:\/\/www.l-tour.be\/nl\/#website","url":"https:\/\/www.l-tour.be\/nl\/","name":"L-Tour","description":"LGBTQI+ Guiding Tours in Brussels","potentialAction":[{"@type":"SearchAction","target":{"@type":"EntryPoint","urlTemplate":"https:\/\/www.l-tour.be\/nl\/?s={search_term_string}"},"query-input":{"@type":"PropertyValueSpecification","valueRequired":true,"valueName":"search_term_string"}}],"inLanguage":"nl-NL"}]}},"_links":{"self":[{"href":"https:\/\/www.l-tour.be\/nl\/wp-json\/wp\/v2\/mec-events\/1014","targetHints":{"allow":["GET"]}}],"collection":[{"href":"https:\/\/www.l-tour.be\/nl\/wp-json\/wp\/v2\/mec-events"}],"about":[{"href":"https:\/\/www.l-tour.be\/nl\/wp-json\/wp\/v2\/types\/mec-events"}],"author":[{"embeddable":true,"href":"https:\/\/www.l-tour.be\/nl\/wp-json\/wp\/v2\/users\/2"}],"replies":[{"embeddable":true,"href":"https:\/\/www.l-tour.be\/nl\/wp-json\/wp\/v2\/comments?post=1014"}],"wp:featuredmedia":[{"embeddable":true,"href":"https:\/\/www.l-tour.be\/nl\/wp-json\/wp\/v2\/media\/1010"}],"wp:attachment":[{"href":"https:\/\/www.l-tour.be\/nl\/wp-json\/wp\/v2\/media?parent=1014"}],"wp:term":[{"taxonomy":"post_tag","embeddable":true,"href":"https:\/\/www.l-tour.be\/nl\/wp-json\/wp\/v2\/tags?post=1014"},{"taxonomy":"mec_category","embeddable":true,"href":"https:\/\/www.l-tour.be\/nl\/wp-json\/wp\/v2\/mec_category?post=1014"}],"curies":[{"name":"wp","href":"https:\/\/api.w.org\/{rel}","templated":true}]}}