{"id":1053,"date":"2020-08-19T19:57:13","date_gmt":"2020-08-19T17:57:13","guid":{"rendered":"https:\/\/www.l-tour.be\/events\/espaces-publics-affaires-privees-quelle-place-avaient-les-lesbiennes-et-les-gays-dans-la-ville-du-xixe-a-la-fin-du-xxe-siecle\/"},"modified":"2020-12-08T18:14:37","modified_gmt":"2020-12-08T17:14:37","slug":"espaces-publics-affaires-privees-quelle-place-avaient-les-lesbiennes-et-les-gays-dans-la-ville-du-xixe-a-la-fin-du-xxe-siecle","status":"publish","type":"mec-events","link":"https:\/\/www.l-tour.be\/nl\/events\/espaces-publics-affaires-privees-quelle-place-avaient-les-lesbiennes-et-les-gays-dans-la-ville-du-xixe-a-la-fin-du-xxe-siecle\/","title":{"rendered":"Espaces publics, Affaires Priv\u00e9es. Quelle place avaient les lesbiennes et les gays dans la ville du XIXe \u00e0 la fin du XXe si\u00e8cle ?"},"content":{"rendered":"<p><strong>14h00<\/strong> &#8211; Introduction et pr\u00e9sentation de Marc Martin et des a\u00een\u00e9.e.s : Jean-Pierre Esp\u00e9randieu (74 ans) et Hugues L. (73 ans).<\/p>\n<p><strong>14h30<\/strong> &#8211; Projection d&#8217;un t\u00e9moignage vid\u00e9o de Wannes Dupont, charg\u00e9 de cours en histoire moderne \u00e0 Yale-NUS College, Singapore. \u00ab Le mal d\u00e9brid\u00e9. Une g\u00e9n\u00e9alogie de l&#8217;homosexualit\u00e9 en Belgique\u00bb, 2015.<\/p>\n<p><strong>14h45<\/strong> &#8211; S\u00e9bastien Landrieux, doctorant contractuel en histoire contemporaine. Universit\u00e9 de Lille \u2013 IRHiS \u00ab Des modalit\u00e9s de l\u2019oppression aux modes de r\u00e9silience : Contribution \u00e0 une histoire des homosexualit\u00e9s dans le Nord (1890-1985). \u00bb<\/p>\n<p><strong>Pause van 20 minuten.<\/strong><\/p>\n<p><strong>15h30<\/strong> \u2013 Marian Lens, sociologue et fondatrice de l\u2019association L-tour: \u00ab La place des lesbiennes dans l&#8217;espace public: \u00e9volution de la fin du XIX \u00e0 aujourd\u2019hui \u00bb<\/p>\n<p><strong>16:00<\/strong> &#8211; Table ronde &amp; Q&amp;R<\/p>\n<p><strong>16:30<\/strong> \u2013 Drinks &amp; Food<\/p>\n<hr \/>\n<p>&nbsp;<\/p>\n<p>L&#8217;espace public urbain et la rencontre clandestine ont toujours \u00e9t\u00e9 \u00e9troitement li\u00e9s. \u00c0 Bruxelles, comme dans la plupart des grandes villes, les homosexuel.le.s avaient dessin\u00e9 une cartographie secr\u00e8te pour d\u00e9jouer les lois. Si souvent les hommes faisaient \u00ab les tasses \u00bb (c\u2019est-\u00e0-dire qu\u2019ils draguaient autour des urinoirs), qu&#8217;en est -il de la rencontre entre femmes ? \u00c0 l&#8217;occasion de l&#8217;exposition de l&#8217;artiste Marc Martin \u00e0 LaVall\u00e9e, scientifiques, historien.ne.s, militant.e.s retracent le parcours priv\u00e9 de nos a\u00een\u00e9.e.s et d\u00e9cryptent une sous-culture souvent d\u00e9nigr\u00e9e. Quelle a \u00e9t\u00e9 la place accord\u00e9e aux lesbiennes et aux gays dans la ville au XIXe et XXe si\u00e8cle ?<\/p>\n<p>Prix : gratuit.<\/p>\n<hr \/>\n<p>&nbsp;<\/p>\n<p style=\"text-align: center;\"><img loading=\"lazy\" decoding=\"async\" class=\"alignnone wp-image-1066\" src=\"https:\/\/www.l-tour.be\/wp-content\/uploads\/2020\/08\/orga_pridefestival.png\" alt=\"\" width=\"101\" height=\"60\" \/><\/p>\n<hr \/>\n<p>&nbsp;<\/p>\n","protected":false},"excerpt":{"rendered":"<p>14h00 &#8211; Introduction et pr\u00e9sentation de Marc Martin et des a\u00een\u00e9.e.s : Jean-Pierre Esp\u00e9randieu (74 ans) et Hugues L. (73 ans). 14h30 &#8211; Projection d&#8217;un t\u00e9moignage vid\u00e9o de Wannes Dupont, charg\u00e9 de cours en histoire moderne \u00e0 Yale-NUS College, Singapore. \u00ab Le mal d\u00e9brid\u00e9. Une g\u00e9n\u00e9alogie de l&#8217;homosexualit\u00e9 en Belgique\u00bb, 2015. 14h45 &#8211; S\u00e9bastien Landrieux,&hellip;<\/p>\n","protected":false},"author":2,"featured_media":1023,"comment_status":"closed","ping_status":"closed","template":"","tags":[],"mec_category":[61],"class_list":["post-1053","mec-events","type-mec-events","status-publish","has-post-thumbnail","hentry","mec_category-conferenties","description-off"],"yoast_head":"<!-- This site is optimized with the Yoast SEO plugin v27.4 - https:\/\/yoast.com\/product\/yoast-seo-wordpress\/ -->\n<title>Espaces publics, Affaires Priv\u00e9es. Quelle place avaient les lesbiennes et les gays dans la ville du XIXe \u00e0 la fin du XXe si\u00e8cle ? - L-Tour<\/title>\n<meta name=\"robots\" content=\"index, follow, max-snippet:-1, max-image-preview:large, max-video-preview:-1\" \/>\n<link rel=\"canonical\" href=\"https:\/\/www.l-tour.be\/nl\/events\/espaces-publics-affaires-privees-quelle-place-avaient-les-lesbiennes-et-les-gays-dans-la-ville-du-xixe-a-la-fin-du-xxe-siecle\/\" \/>\n<meta property=\"og:locale\" content=\"nl_NL\" \/>\n<meta property=\"og:type\" content=\"article\" \/>\n<meta property=\"og:title\" content=\"Espaces publics, Affaires Priv\u00e9es. Quelle place avaient les lesbiennes et les gays dans la ville du XIXe \u00e0 la fin du XXe si\u00e8cle ? - L-Tour\" \/>\n<meta property=\"og:description\" content=\"14h00 &#8211; Introduction et pr\u00e9sentation de Marc Martin et des a\u00een\u00e9.e.s : Jean-Pierre Esp\u00e9randieu (74 ans) et Hugues L. (73 ans). 14h30 &#8211; Projection d&#8217;un t\u00e9moignage vid\u00e9o de Wannes Dupont, charg\u00e9 de cours en histoire moderne \u00e0 Yale-NUS College, Singapore. \u00ab Le mal d\u00e9brid\u00e9. Une g\u00e9n\u00e9alogie de l&#8217;homosexualit\u00e9 en Belgique\u00bb, 2015. 14h45 &#8211; S\u00e9bastien Landrieux,&hellip;\" \/>\n<meta property=\"og:url\" content=\"https:\/\/www.l-tour.be\/nl\/events\/espaces-publics-affaires-privees-quelle-place-avaient-les-lesbiennes-et-les-gays-dans-la-ville-du-xixe-a-la-fin-du-xxe-siecle\/\" \/>\n<meta property=\"og:site_name\" content=\"L-Tour\" \/>\n<meta property=\"article:modified_time\" content=\"2020-12-08T17:14:37+00:00\" \/>\n<meta property=\"og:image\" content=\"https:\/\/www.l-tour.be\/wp-content\/uploads\/2020\/08\/116820506_2151576318309878_5267727868299520882_o.jpg\" \/>\n\t<meta property=\"og:image:width\" content=\"1920\" \/>\n\t<meta property=\"og:image:height\" content=\"1005\" \/>\n\t<meta property=\"og:image:type\" content=\"image\/jpeg\" \/>\n<meta name=\"twitter:card\" content=\"summary_large_image\" \/>\n<meta name=\"twitter:label1\" content=\"Geschatte leestijd\" \/>\n\t<meta name=\"twitter:data1\" content=\"1 minuut\" \/>\n<script type=\"application\/ld+json\" class=\"yoast-schema-graph\">{\"@context\":\"https:\\\/\\\/schema.org\",\"@graph\":[{\"@type\":\"WebPage\",\"@id\":\"https:\\\/\\\/www.l-tour.be\\\/nl\\\/events\\\/espaces-publics-affaires-privees-quelle-place-avaient-les-lesbiennes-et-les-gays-dans-la-ville-du-xixe-a-la-fin-du-xxe-siecle\\\/\",\"url\":\"https:\\\/\\\/www.l-tour.be\\\/nl\\\/events\\\/espaces-publics-affaires-privees-quelle-place-avaient-les-lesbiennes-et-les-gays-dans-la-ville-du-xixe-a-la-fin-du-xxe-siecle\\\/\",\"name\":\"Espaces publics, Affaires Priv\u00e9es. Quelle place avaient les lesbiennes et les gays dans la ville du XIXe \u00e0 la fin du XXe si\u00e8cle ? - L-Tour\",\"isPartOf\":{\"@id\":\"https:\\\/\\\/www.l-tour.be\\\/nl\\\/#website\"},\"primaryImageOfPage\":{\"@id\":\"https:\\\/\\\/www.l-tour.be\\\/nl\\\/events\\\/espaces-publics-affaires-privees-quelle-place-avaient-les-lesbiennes-et-les-gays-dans-la-ville-du-xixe-a-la-fin-du-xxe-siecle\\\/#primaryimage\"},\"image\":{\"@id\":\"https:\\\/\\\/www.l-tour.be\\\/nl\\\/events\\\/espaces-publics-affaires-privees-quelle-place-avaient-les-lesbiennes-et-les-gays-dans-la-ville-du-xixe-a-la-fin-du-xxe-siecle\\\/#primaryimage\"},\"thumbnailUrl\":\"https:\\\/\\\/www.l-tour.be\\\/wp-content\\\/uploads\\\/2020\\\/08\\\/116820506_2151576318309878_5267727868299520882_o.jpg\",\"datePublished\":\"2020-08-19T17:57:13+00:00\",\"dateModified\":\"2020-12-08T17:14:37+00:00\",\"breadcrumb\":{\"@id\":\"https:\\\/\\\/www.l-tour.be\\\/nl\\\/events\\\/espaces-publics-affaires-privees-quelle-place-avaient-les-lesbiennes-et-les-gays-dans-la-ville-du-xixe-a-la-fin-du-xxe-siecle\\\/#breadcrumb\"},\"inLanguage\":\"nl-NL\",\"potentialAction\":[{\"@type\":\"ReadAction\",\"target\":[\"https:\\\/\\\/www.l-tour.be\\\/nl\\\/events\\\/espaces-publics-affaires-privees-quelle-place-avaient-les-lesbiennes-et-les-gays-dans-la-ville-du-xixe-a-la-fin-du-xxe-siecle\\\/\"]}]},{\"@type\":\"ImageObject\",\"inLanguage\":\"nl-NL\",\"@id\":\"https:\\\/\\\/www.l-tour.be\\\/nl\\\/events\\\/espaces-publics-affaires-privees-quelle-place-avaient-les-lesbiennes-et-les-gays-dans-la-ville-du-xixe-a-la-fin-du-xxe-siecle\\\/#primaryimage\",\"url\":\"https:\\\/\\\/www.l-tour.be\\\/wp-content\\\/uploads\\\/2020\\\/08\\\/116820506_2151576318309878_5267727868299520882_o.jpg\",\"contentUrl\":\"https:\\\/\\\/www.l-tour.be\\\/wp-content\\\/uploads\\\/2020\\\/08\\\/116820506_2151576318309878_5267727868299520882_o.jpg\",\"width\":1920,\"height\":1005},{\"@type\":\"BreadcrumbList\",\"@id\":\"https:\\\/\\\/www.l-tour.be\\\/nl\\\/events\\\/espaces-publics-affaires-privees-quelle-place-avaient-les-lesbiennes-et-les-gays-dans-la-ville-du-xixe-a-la-fin-du-xxe-siecle\\\/#breadcrumb\",\"itemListElement\":[{\"@type\":\"ListItem\",\"position\":1,\"name\":\"Home\",\"item\":\"https:\\\/\\\/www.l-tour.be\\\/nl\\\/\"},{\"@type\":\"ListItem\",\"position\":2,\"name\":\"Evenementen\",\"item\":\"https:\\\/\\\/www.l-tour.be\\\/nl\\\/events\\\/\"},{\"@type\":\"ListItem\",\"position\":3,\"name\":\"Espaces publics, Affaires Priv\u00e9es. Quelle place avaient les lesbiennes et les gays dans la ville du XIXe \u00e0 la fin du XXe si\u00e8cle ?\"}]},{\"@type\":\"WebSite\",\"@id\":\"https:\\\/\\\/www.l-tour.be\\\/nl\\\/#website\",\"url\":\"https:\\\/\\\/www.l-tour.be\\\/nl\\\/\",\"name\":\"L-Tour\",\"description\":\"LGBTQI+ Guiding Tours in Brussels\",\"potentialAction\":[{\"@type\":\"SearchAction\",\"target\":{\"@type\":\"EntryPoint\",\"urlTemplate\":\"https:\\\/\\\/www.l-tour.be\\\/nl\\\/?s={search_term_string}\"},\"query-input\":{\"@type\":\"PropertyValueSpecification\",\"valueRequired\":true,\"valueName\":\"search_term_string\"}}],\"inLanguage\":\"nl-NL\"}]}<\/script>\n<!-- \/ Yoast SEO plugin. -->","yoast_head_json":{"title":"Espaces publics, Affaires Priv\u00e9es. Quelle place avaient les lesbiennes et les gays dans la ville du XIXe \u00e0 la fin du XXe si\u00e8cle ? - L-Tour","robots":{"index":"index","follow":"follow","max-snippet":"max-snippet:-1","max-image-preview":"max-image-preview:large","max-video-preview":"max-video-preview:-1"},"canonical":"https:\/\/www.l-tour.be\/nl\/events\/espaces-publics-affaires-privees-quelle-place-avaient-les-lesbiennes-et-les-gays-dans-la-ville-du-xixe-a-la-fin-du-xxe-siecle\/","og_locale":"nl_NL","og_type":"article","og_title":"Espaces publics, Affaires Priv\u00e9es. Quelle place avaient les lesbiennes et les gays dans la ville du XIXe \u00e0 la fin du XXe si\u00e8cle ? - L-Tour","og_description":"14h00 &#8211; Introduction et pr\u00e9sentation de Marc Martin et des a\u00een\u00e9.e.s : Jean-Pierre Esp\u00e9randieu (74 ans) et Hugues L. (73 ans). 14h30 &#8211; Projection d&#8217;un t\u00e9moignage vid\u00e9o de Wannes Dupont, charg\u00e9 de cours en histoire moderne \u00e0 Yale-NUS College, Singapore. \u00ab Le mal d\u00e9brid\u00e9. Une g\u00e9n\u00e9alogie de l&#8217;homosexualit\u00e9 en Belgique\u00bb, 2015. 14h45 &#8211; S\u00e9bastien Landrieux,&hellip;","og_url":"https:\/\/www.l-tour.be\/nl\/events\/espaces-publics-affaires-privees-quelle-place-avaient-les-lesbiennes-et-les-gays-dans-la-ville-du-xixe-a-la-fin-du-xxe-siecle\/","og_site_name":"L-Tour","article_modified_time":"2020-12-08T17:14:37+00:00","og_image":[{"width":1920,"height":1005,"url":"https:\/\/www.l-tour.be\/wp-content\/uploads\/2020\/08\/116820506_2151576318309878_5267727868299520882_o.jpg","type":"image\/jpeg"}],"twitter_card":"summary_large_image","twitter_misc":{"Geschatte leestijd":"1 minuut"},"schema":{"@context":"https:\/\/schema.org","@graph":[{"@type":"WebPage","@id":"https:\/\/www.l-tour.be\/nl\/events\/espaces-publics-affaires-privees-quelle-place-avaient-les-lesbiennes-et-les-gays-dans-la-ville-du-xixe-a-la-fin-du-xxe-siecle\/","url":"https:\/\/www.l-tour.be\/nl\/events\/espaces-publics-affaires-privees-quelle-place-avaient-les-lesbiennes-et-les-gays-dans-la-ville-du-xixe-a-la-fin-du-xxe-siecle\/","name":"Espaces publics, Affaires Priv\u00e9es. Quelle place avaient les lesbiennes et les gays dans la ville du XIXe \u00e0 la fin du XXe si\u00e8cle ? - L-Tour","isPartOf":{"@id":"https:\/\/www.l-tour.be\/nl\/#website"},"primaryImageOfPage":{"@id":"https:\/\/www.l-tour.be\/nl\/events\/espaces-publics-affaires-privees-quelle-place-avaient-les-lesbiennes-et-les-gays-dans-la-ville-du-xixe-a-la-fin-du-xxe-siecle\/#primaryimage"},"image":{"@id":"https:\/\/www.l-tour.be\/nl\/events\/espaces-publics-affaires-privees-quelle-place-avaient-les-lesbiennes-et-les-gays-dans-la-ville-du-xixe-a-la-fin-du-xxe-siecle\/#primaryimage"},"thumbnailUrl":"https:\/\/www.l-tour.be\/wp-content\/uploads\/2020\/08\/116820506_2151576318309878_5267727868299520882_o.jpg","datePublished":"2020-08-19T17:57:13+00:00","dateModified":"2020-12-08T17:14:37+00:00","breadcrumb":{"@id":"https:\/\/www.l-tour.be\/nl\/events\/espaces-publics-affaires-privees-quelle-place-avaient-les-lesbiennes-et-les-gays-dans-la-ville-du-xixe-a-la-fin-du-xxe-siecle\/#breadcrumb"},"inLanguage":"nl-NL","potentialAction":[{"@type":"ReadAction","target":["https:\/\/www.l-tour.be\/nl\/events\/espaces-publics-affaires-privees-quelle-place-avaient-les-lesbiennes-et-les-gays-dans-la-ville-du-xixe-a-la-fin-du-xxe-siecle\/"]}]},{"@type":"ImageObject","inLanguage":"nl-NL","@id":"https:\/\/www.l-tour.be\/nl\/events\/espaces-publics-affaires-privees-quelle-place-avaient-les-lesbiennes-et-les-gays-dans-la-ville-du-xixe-a-la-fin-du-xxe-siecle\/#primaryimage","url":"https:\/\/www.l-tour.be\/wp-content\/uploads\/2020\/08\/116820506_2151576318309878_5267727868299520882_o.jpg","contentUrl":"https:\/\/www.l-tour.be\/wp-content\/uploads\/2020\/08\/116820506_2151576318309878_5267727868299520882_o.jpg","width":1920,"height":1005},{"@type":"BreadcrumbList","@id":"https:\/\/www.l-tour.be\/nl\/events\/espaces-publics-affaires-privees-quelle-place-avaient-les-lesbiennes-et-les-gays-dans-la-ville-du-xixe-a-la-fin-du-xxe-siecle\/#breadcrumb","itemListElement":[{"@type":"ListItem","position":1,"name":"Home","item":"https:\/\/www.l-tour.be\/nl\/"},{"@type":"ListItem","position":2,"name":"Evenementen","item":"https:\/\/www.l-tour.be\/nl\/events\/"},{"@type":"ListItem","position":3,"name":"Espaces publics, Affaires Priv\u00e9es. Quelle place avaient les lesbiennes et les gays dans la ville du XIXe \u00e0 la fin du XXe si\u00e8cle ?"}]},{"@type":"WebSite","@id":"https:\/\/www.l-tour.be\/nl\/#website","url":"https:\/\/www.l-tour.be\/nl\/","name":"L-Tour","description":"LGBTQI+ Guiding Tours in Brussels","potentialAction":[{"@type":"SearchAction","target":{"@type":"EntryPoint","urlTemplate":"https:\/\/www.l-tour.be\/nl\/?s={search_term_string}"},"query-input":{"@type":"PropertyValueSpecification","valueRequired":true,"valueName":"search_term_string"}}],"inLanguage":"nl-NL"}]}},"_links":{"self":[{"href":"https:\/\/www.l-tour.be\/nl\/wp-json\/wp\/v2\/mec-events\/1053","targetHints":{"allow":["GET"]}}],"collection":[{"href":"https:\/\/www.l-tour.be\/nl\/wp-json\/wp\/v2\/mec-events"}],"about":[{"href":"https:\/\/www.l-tour.be\/nl\/wp-json\/wp\/v2\/types\/mec-events"}],"author":[{"embeddable":true,"href":"https:\/\/www.l-tour.be\/nl\/wp-json\/wp\/v2\/users\/2"}],"replies":[{"embeddable":true,"href":"https:\/\/www.l-tour.be\/nl\/wp-json\/wp\/v2\/comments?post=1053"}],"wp:featuredmedia":[{"embeddable":true,"href":"https:\/\/www.l-tour.be\/nl\/wp-json\/wp\/v2\/media\/1023"}],"wp:attachment":[{"href":"https:\/\/www.l-tour.be\/nl\/wp-json\/wp\/v2\/media?parent=1053"}],"wp:term":[{"taxonomy":"post_tag","embeddable":true,"href":"https:\/\/www.l-tour.be\/nl\/wp-json\/wp\/v2\/tags?post=1053"},{"taxonomy":"mec_category","embeddable":true,"href":"https:\/\/www.l-tour.be\/nl\/wp-json\/wp\/v2\/mec_category?post=1053"}],"curies":[{"name":"wp","href":"https:\/\/api.w.org\/{rel}","templated":true}]}}