{"id":2104,"date":"2026-04-23T10:03:25","date_gmt":"2026-04-23T08:03:25","guid":{"rendered":"https:\/\/www.l-tour.be\/events\/gegidste-wandelingen-door-sint-gillis-fr\/"},"modified":"2026-04-27T23:09:16","modified_gmt":"2026-04-27T21:09:16","slug":"gegidste-wandelingen-door-sint-gillis-fr","status":"publish","type":"mec-events","link":"https:\/\/www.l-tour.be\/nl\/events\/gegidste-wandelingen-door-sint-gillis-fr\/","title":{"rendered":"Gegidste wandelingen door Sint-Gillis (FR)"},"content":{"rendered":"<p>Depuis plus de 10 ans, l\u2019activiste lesbienne et f\u00e9ministe Marian Lens fait d\u00e9couvrir les secrets qui se cachent au travers des rues de Bruxelles.<\/p>\n<p>Avec cette Premi\u00e8re Saint-Gilloise, venez d\u00e9couvrir l\u2019histoire cach\u00e9e des communaut\u00e9s LGBTQIA+ et de femmes talentueuses de la commune de Saint-Gilles\u00a0!<\/p>\n<p>Bienvenue d\u00e8s 10h \u00e0 la Biblioth\u00e8que. La visite guid\u00e9e d\u00e9marre \u00e0 10h30 avec la sociologue Marian Lens. Cette promenade est organis\u00e9e dans le cadre des semaines de la Pride en collaboration avec la Bib Sint-Gillis, et est subventionn\u00e9e par l\u2019Egalit\u00e9 des Chances de la commune de Saint-Gilles.<\/p>\n<p>Le samedi 6 juin le parcours est en fran\u00e7ais, et se termine \u00e0 12h30 \u00e0 la biblioth\u00e8que avec une collation, o\u00f9 nous pourrons poursuivre les \u00e9changes.<\/p>\n<p>Marian Lens a fait une s\u00e9lection de livres \u2018rainbow\u2019 que vous pourrez d\u00e9couvrir au stand th\u00e9matique. L\u2019arri\u00e8re-plan sera d\u00e9cor\u00e9 d\u2019affiches historiques en provenance de son fonds d\u2019archives.<\/p>\n<p>Vous pouvez vous inscrire gratuitement <a href=\"https:\/\/www.l-tour.be\/nl\/inschrijvingen\/\">via ce lien<\/a><\/p>\n<p>Le parcours est \u00e9galement donn\u00e9 le samedi 23 mai en n\u00e9erlandais (s\u2019inscrire \u00e0 l\u2019agenda au 23\/5), et le samedi 20 juin en anglais (s\u2019inscrire \u00e0 l\u2019agenda au 20\/6).<\/p>\n","protected":false},"excerpt":{"rendered":"<p>Depuis plus de 10 ans, l\u2019activiste lesbienne et f\u00e9ministe Marian Lens fait d\u00e9couvrir les secrets qui se cachent au travers des rues de Bruxelles. Avec cette Premi\u00e8re Saint-Gilloise, venez d\u00e9couvrir l\u2019histoire cach\u00e9e des communaut\u00e9s LGBTQIA+ et de femmes talentueuses de la commune de Saint-Gilles\u00a0! Bienvenue d\u00e8s 10h \u00e0 la Biblioth\u00e8que. La visite guid\u00e9e d\u00e9marre \u00e0&hellip;<\/p>\n","protected":false},"author":1,"featured_media":2072,"comment_status":"closed","ping_status":"closed","template":"","tags":[],"mec_category":[57],"class_list":["post-2104","mec-events","type-mec-events","status-publish","has-post-thumbnail","hentry","mec_category-rondleidingen","description-off"],"yoast_head":"<!-- This site is optimized with the Yoast SEO plugin v27.4 - https:\/\/yoast.com\/product\/yoast-seo-wordpress\/ -->\n<title>Gegidste wandelingen door Sint-Gillis (FR) - L-Tour<\/title>\n<meta name=\"robots\" content=\"index, follow, max-snippet:-1, max-image-preview:large, max-video-preview:-1\" \/>\n<link rel=\"canonical\" href=\"https:\/\/www.l-tour.be\/nl\/events\/gegidste-wandelingen-door-sint-gillis-fr\/\" \/>\n<meta property=\"og:locale\" content=\"nl_NL\" \/>\n<meta property=\"og:type\" content=\"article\" \/>\n<meta property=\"og:title\" content=\"Gegidste wandelingen door Sint-Gillis (FR) - L-Tour\" \/>\n<meta property=\"og:description\" content=\"Depuis plus de 10 ans, l\u2019activiste lesbienne et f\u00e9ministe Marian Lens fait d\u00e9couvrir les secrets qui se cachent au travers des rues de Bruxelles. Avec cette Premi\u00e8re Saint-Gilloise, venez d\u00e9couvrir l\u2019histoire cach\u00e9e des communaut\u00e9s LGBTQIA+ et de femmes talentueuses de la commune de Saint-Gilles\u00a0! Bienvenue d\u00e8s 10h \u00e0 la Biblioth\u00e8que. La visite guid\u00e9e d\u00e9marre \u00e0&hellip;\" \/>\n<meta property=\"og:url\" content=\"https:\/\/www.l-tour.be\/nl\/events\/gegidste-wandelingen-door-sint-gillis-fr\/\" \/>\n<meta property=\"og:site_name\" content=\"L-Tour\" \/>\n<meta property=\"article:modified_time\" content=\"2026-04-27T21:09:16+00:00\" \/>\n<meta property=\"og:image\" content=\"https:\/\/www.l-tour.be\/wp-content\/uploads\/2026\/04\/AfficheParcourStGilles.png\" \/>\n\t<meta property=\"og:image:width\" content=\"991\" \/>\n\t<meta property=\"og:image:height\" content=\"802\" \/>\n\t<meta property=\"og:image:type\" content=\"image\/png\" \/>\n<meta name=\"twitter:card\" content=\"summary_large_image\" \/>\n<meta name=\"twitter:label1\" content=\"Geschatte leestijd\" \/>\n\t<meta name=\"twitter:data1\" content=\"1 minuut\" \/>\n<script type=\"application\/ld+json\" class=\"yoast-schema-graph\">{\"@context\":\"https:\\\/\\\/schema.org\",\"@graph\":[{\"@type\":\"WebPage\",\"@id\":\"https:\\\/\\\/www.l-tour.be\\\/nl\\\/events\\\/gegidste-wandelingen-door-sint-gillis-fr\\\/\",\"url\":\"https:\\\/\\\/www.l-tour.be\\\/nl\\\/events\\\/gegidste-wandelingen-door-sint-gillis-fr\\\/\",\"name\":\"Gegidste wandelingen door Sint-Gillis (FR) - L-Tour\",\"isPartOf\":{\"@id\":\"https:\\\/\\\/www.l-tour.be\\\/nl\\\/#website\"},\"primaryImageOfPage\":{\"@id\":\"https:\\\/\\\/www.l-tour.be\\\/nl\\\/events\\\/gegidste-wandelingen-door-sint-gillis-fr\\\/#primaryimage\"},\"image\":{\"@id\":\"https:\\\/\\\/www.l-tour.be\\\/nl\\\/events\\\/gegidste-wandelingen-door-sint-gillis-fr\\\/#primaryimage\"},\"thumbnailUrl\":\"https:\\\/\\\/www.l-tour.be\\\/wp-content\\\/uploads\\\/2026\\\/04\\\/AfficheParcourStGilles.png\",\"datePublished\":\"2026-04-23T08:03:25+00:00\",\"dateModified\":\"2026-04-27T21:09:16+00:00\",\"breadcrumb\":{\"@id\":\"https:\\\/\\\/www.l-tour.be\\\/nl\\\/events\\\/gegidste-wandelingen-door-sint-gillis-fr\\\/#breadcrumb\"},\"inLanguage\":\"nl-NL\",\"potentialAction\":[{\"@type\":\"ReadAction\",\"target\":[\"https:\\\/\\\/www.l-tour.be\\\/nl\\\/events\\\/gegidste-wandelingen-door-sint-gillis-fr\\\/\"]}]},{\"@type\":\"ImageObject\",\"inLanguage\":\"nl-NL\",\"@id\":\"https:\\\/\\\/www.l-tour.be\\\/nl\\\/events\\\/gegidste-wandelingen-door-sint-gillis-fr\\\/#primaryimage\",\"url\":\"https:\\\/\\\/www.l-tour.be\\\/wp-content\\\/uploads\\\/2026\\\/04\\\/AfficheParcourStGilles.png\",\"contentUrl\":\"https:\\\/\\\/www.l-tour.be\\\/wp-content\\\/uploads\\\/2026\\\/04\\\/AfficheParcourStGilles.png\",\"width\":991,\"height\":802},{\"@type\":\"BreadcrumbList\",\"@id\":\"https:\\\/\\\/www.l-tour.be\\\/nl\\\/events\\\/gegidste-wandelingen-door-sint-gillis-fr\\\/#breadcrumb\",\"itemListElement\":[{\"@type\":\"ListItem\",\"position\":1,\"name\":\"Home\",\"item\":\"https:\\\/\\\/www.l-tour.be\\\/nl\\\/\"},{\"@type\":\"ListItem\",\"position\":2,\"name\":\"Evenementen\",\"item\":\"https:\\\/\\\/www.l-tour.be\\\/nl\\\/events\\\/\"},{\"@type\":\"ListItem\",\"position\":3,\"name\":\"Gegidste wandelingen door Sint-Gillis (FR)\"}]},{\"@type\":\"WebSite\",\"@id\":\"https:\\\/\\\/www.l-tour.be\\\/nl\\\/#website\",\"url\":\"https:\\\/\\\/www.l-tour.be\\\/nl\\\/\",\"name\":\"L-Tour\",\"description\":\"LGBTQI+ Guiding Tours in Brussels\",\"potentialAction\":[{\"@type\":\"SearchAction\",\"target\":{\"@type\":\"EntryPoint\",\"urlTemplate\":\"https:\\\/\\\/www.l-tour.be\\\/nl\\\/?s={search_term_string}\"},\"query-input\":{\"@type\":\"PropertyValueSpecification\",\"valueRequired\":true,\"valueName\":\"search_term_string\"}}],\"inLanguage\":\"nl-NL\"}]}<\/script>\n<!-- \/ Yoast SEO plugin. -->","yoast_head_json":{"title":"Gegidste wandelingen door Sint-Gillis (FR) - L-Tour","robots":{"index":"index","follow":"follow","max-snippet":"max-snippet:-1","max-image-preview":"max-image-preview:large","max-video-preview":"max-video-preview:-1"},"canonical":"https:\/\/www.l-tour.be\/nl\/events\/gegidste-wandelingen-door-sint-gillis-fr\/","og_locale":"nl_NL","og_type":"article","og_title":"Gegidste wandelingen door Sint-Gillis (FR) - L-Tour","og_description":"Depuis plus de 10 ans, l\u2019activiste lesbienne et f\u00e9ministe Marian Lens fait d\u00e9couvrir les secrets qui se cachent au travers des rues de Bruxelles. Avec cette Premi\u00e8re Saint-Gilloise, venez d\u00e9couvrir l\u2019histoire cach\u00e9e des communaut\u00e9s LGBTQIA+ et de femmes talentueuses de la commune de Saint-Gilles\u00a0! Bienvenue d\u00e8s 10h \u00e0 la Biblioth\u00e8que. La visite guid\u00e9e d\u00e9marre \u00e0&hellip;","og_url":"https:\/\/www.l-tour.be\/nl\/events\/gegidste-wandelingen-door-sint-gillis-fr\/","og_site_name":"L-Tour","article_modified_time":"2026-04-27T21:09:16+00:00","og_image":[{"width":991,"height":802,"url":"https:\/\/www.l-tour.be\/wp-content\/uploads\/2026\/04\/AfficheParcourStGilles.png","type":"image\/png"}],"twitter_card":"summary_large_image","twitter_misc":{"Geschatte leestijd":"1 minuut"},"schema":{"@context":"https:\/\/schema.org","@graph":[{"@type":"WebPage","@id":"https:\/\/www.l-tour.be\/nl\/events\/gegidste-wandelingen-door-sint-gillis-fr\/","url":"https:\/\/www.l-tour.be\/nl\/events\/gegidste-wandelingen-door-sint-gillis-fr\/","name":"Gegidste wandelingen door Sint-Gillis (FR) - L-Tour","isPartOf":{"@id":"https:\/\/www.l-tour.be\/nl\/#website"},"primaryImageOfPage":{"@id":"https:\/\/www.l-tour.be\/nl\/events\/gegidste-wandelingen-door-sint-gillis-fr\/#primaryimage"},"image":{"@id":"https:\/\/www.l-tour.be\/nl\/events\/gegidste-wandelingen-door-sint-gillis-fr\/#primaryimage"},"thumbnailUrl":"https:\/\/www.l-tour.be\/wp-content\/uploads\/2026\/04\/AfficheParcourStGilles.png","datePublished":"2026-04-23T08:03:25+00:00","dateModified":"2026-04-27T21:09:16+00:00","breadcrumb":{"@id":"https:\/\/www.l-tour.be\/nl\/events\/gegidste-wandelingen-door-sint-gillis-fr\/#breadcrumb"},"inLanguage":"nl-NL","potentialAction":[{"@type":"ReadAction","target":["https:\/\/www.l-tour.be\/nl\/events\/gegidste-wandelingen-door-sint-gillis-fr\/"]}]},{"@type":"ImageObject","inLanguage":"nl-NL","@id":"https:\/\/www.l-tour.be\/nl\/events\/gegidste-wandelingen-door-sint-gillis-fr\/#primaryimage","url":"https:\/\/www.l-tour.be\/wp-content\/uploads\/2026\/04\/AfficheParcourStGilles.png","contentUrl":"https:\/\/www.l-tour.be\/wp-content\/uploads\/2026\/04\/AfficheParcourStGilles.png","width":991,"height":802},{"@type":"BreadcrumbList","@id":"https:\/\/www.l-tour.be\/nl\/events\/gegidste-wandelingen-door-sint-gillis-fr\/#breadcrumb","itemListElement":[{"@type":"ListItem","position":1,"name":"Home","item":"https:\/\/www.l-tour.be\/nl\/"},{"@type":"ListItem","position":2,"name":"Evenementen","item":"https:\/\/www.l-tour.be\/nl\/events\/"},{"@type":"ListItem","position":3,"name":"Gegidste wandelingen door Sint-Gillis (FR)"}]},{"@type":"WebSite","@id":"https:\/\/www.l-tour.be\/nl\/#website","url":"https:\/\/www.l-tour.be\/nl\/","name":"L-Tour","description":"LGBTQI+ Guiding Tours in Brussels","potentialAction":[{"@type":"SearchAction","target":{"@type":"EntryPoint","urlTemplate":"https:\/\/www.l-tour.be\/nl\/?s={search_term_string}"},"query-input":{"@type":"PropertyValueSpecification","valueRequired":true,"valueName":"search_term_string"}}],"inLanguage":"nl-NL"}]}},"_links":{"self":[{"href":"https:\/\/www.l-tour.be\/nl\/wp-json\/wp\/v2\/mec-events\/2104","targetHints":{"allow":["GET"]}}],"collection":[{"href":"https:\/\/www.l-tour.be\/nl\/wp-json\/wp\/v2\/mec-events"}],"about":[{"href":"https:\/\/www.l-tour.be\/nl\/wp-json\/wp\/v2\/types\/mec-events"}],"author":[{"embeddable":true,"href":"https:\/\/www.l-tour.be\/nl\/wp-json\/wp\/v2\/users\/1"}],"replies":[{"embeddable":true,"href":"https:\/\/www.l-tour.be\/nl\/wp-json\/wp\/v2\/comments?post=2104"}],"wp:featuredmedia":[{"embeddable":true,"href":"https:\/\/www.l-tour.be\/nl\/wp-json\/wp\/v2\/media\/2072"}],"wp:attachment":[{"href":"https:\/\/www.l-tour.be\/nl\/wp-json\/wp\/v2\/media?parent=2104"}],"wp:term":[{"taxonomy":"post_tag","embeddable":true,"href":"https:\/\/www.l-tour.be\/nl\/wp-json\/wp\/v2\/tags?post=2104"},{"taxonomy":"mec_category","embeddable":true,"href":"https:\/\/www.l-tour.be\/nl\/wp-json\/wp\/v2\/mec_category?post=2104"}],"curies":[{"name":"wp","href":"https:\/\/api.w.org\/{rel}","templated":true}]}}